{"id":27382,"date":"2023-08-26T12:08:15","date_gmt":"2023-08-26T10:08:15","guid":{"rendered":"https:\/\/scandinavischelampen.nl\/?post_type=product&#038;p=27382"},"modified":"2024-06-24T22:39:43","modified_gmt":"2024-06-24T20:39:43","slug":"vintage-fog-og-morup-suspension-optima-6-by-hans-due-2","status":"publish","type":"product","link":"https:\/\/scandinavischelampen.nl\/fr\/produit\/vintage-fog-og-morup-suspension-optima-6-by-hans-due-2\/","title":{"rendered":"Suspension vintage Fog og M\u00f8rup Optima 6 par Hans Due"},"content":{"rendered":"<h2 style=\"font-weight: 400;\">Suspension vintage Fog og M\u00f8rup Optima 6 par Hans Due<\/h2>\n<div class=\"group w-full text-token-text-primary border-b border-black\/10 dark:border-gray-900\/50 bg-gray-50 dark:bg-[#444654]\" data-testid=\"conversation-turn-25\">\n<div class=\"flex p-4 gap-4 text-base md:gap-6 md:max-w-2xl lg:max-w-[38rem] xl:max-w-3xl md:py-6 lg:px-0 m-auto\">\n<div class=\"relative flex w-[calc(100%-50px)] flex-col gap-1 md:gap-3 lg:w-[calc(100%-115px)]\">\n<div class=\"flex flex-grow flex-col gap-3 max-w-full\">\n<div class=\"min-h-[20px] flex flex-col items-start gap-3 overflow-x-auto whitespace-pre-wrap break-words\">\n<div class=\"markdown prose w-full break-words dark:prose-invert light\">\n<p>D\u00e9couvrez l&rsquo;\u00e9l\u00e9gance intemporelle de notre lampe suspendue Fog og M\u00f8rup Optima 6, un chef-d&rsquo;\u0153uvre du design scandinave au look \u00e9pur\u00e9 et contemporain. Que vous cherchiez la pi\u00e8ce parfaite au-dessus de votre table \u00e0 manger ou dans votre salon, cette lampe saura certainement r\u00e9pondre \u00e0 vos attentes. Ce qui rend cette lampe encore plus sp\u00e9ciale, c&rsquo;est qu&rsquo;elle a \u00e9t\u00e9 enti\u00e8rement rev\u00eatue de poudre dans une finition blanche \u00e9clatante. Cela lui conf\u00e8re non seulement une apparence fra\u00eeche et moderne, mais garantit \u00e9galement durabilit\u00e9 et qualit\u00e9. Ajoutez cette magnifique lampe suspendue \u00e0 votre int\u00e9rieur d\u00e8s aujourd&rsquo;hui et illuminez votre espace avec style et classe.<\/p>\n<\/div>\n<\/div>\n<\/div>\n<\/div>\n<\/div>\n<\/div>\n<h2 style=\"font-weight: 400;\">Condition<\/h2>\n<p>Cette lampe suspendue Fog og M\u00f8rup Optima 6 a environ 50 ans et est en bon \u00e9tat. Bien qu&rsquo;elle montre des signes d&rsquo;une utilisation pr\u00e9c\u00e9dente et aimante, cela n&rsquo;ajoute que du caract\u00e8re \u00e0 son histoire. Vous remarquerez que la lampe pr\u00e9sente deux petites bosses et quelques irr\u00e9gularit\u00e9s mineures sur les bords. Nous avons inclus des photos d\u00e9taill\u00e9es pour que vous puissiez les voir.<\/p>\n<p>Ce qui rend cette lampe encore plus sp\u00e9ciale, c&rsquo;est qu&rsquo;elle a \u00e9t\u00e9 enti\u00e8rement rev\u00eatue de poudre, ce qui lui conf\u00e8re une finition comme neuve. Cela signifie qu&rsquo;elle offre non seulement un charme historique, mais aussi la durabilit\u00e9 et la fra\u00eecheur d&rsquo;une lampe neuve. Ajouter cette pi\u00e8ce exquise \u00e0 votre int\u00e9rieur vous permet de profiter \u00e0 la fois de son histoire et de son apparence renouvel\u00e9e. C&rsquo;est une occasion unique d&rsquo;apporter un chef-d&rsquo;\u0153uvre vintage dans votre maison.<\/p>\n<h2 style=\"font-weight: 400;\">Sp\u00e9cifications Fog og M\u00f8rup Optima 6 suspension<\/h2>\n<ul>\n<li style=\"font-weight: 400;\">Hauteur : 23cm<\/li>\n<li style=\"font-weight: 400;\">Diam\u00e8tre : 50 cm<\/li>\n<li style=\"font-weight: 400;\">Hauteur totale avec cordon 200 cm (r\u00e9glable lors de l&rsquo;installation)<\/li>\n<li style=\"font-weight: 400;\">Mat\u00e9riau : acier<\/li>\n<li style=\"font-weight: 400;\">Couleur du cordon : Blanc<\/li>\n<li style=\"font-weight: 400;\">Puissance maximale : 60W<\/li>\n<li style=\"font-weight: 400;\">Culot: E27<\/li>\n<li style=\"font-weight: 400;\">Convient aux lampes LED<\/li>\n<li style=\"font-weight: 400;\">Poids : 1,6 kg<\/li>\n<\/ul>\n<h3>Compatible avec les LED<\/h3>\n<p>\u00c0 la lumi\u00e8re des co\u00fbts \u00e9nerg\u00e9tiques actuels, l&rsquo;efficacit\u00e9 est devenue un aspect crucial. Ce lustre suspendu est \u00e9quip\u00e9 d&rsquo;une douille E27, ce qui le rend compatible avec les ampoules LED et m\u00eame avec les options d&rsquo;\u00e9clairage intelligent. De plus, le lustre peut \u00eatre facilement associ\u00e9 \u00e0 un variateur, vous offrant un contr\u00f4le total sur l&rsquo;ambiance. Profitez du m\u00e9lange parfait entre le pass\u00e9 et l&rsquo;avenir tout en \u00e9conomisant de l&rsquo;\u00e9nergie en m\u00eame temps.<\/p>\n<h3>Notre stock disponible<\/h3>\n<p>Toutes les lampes que nous proposons sont disponibles imm\u00e9diatement. Cela signifie que nous exp\u00e9dions g\u00e9n\u00e9ralement votre commande le m\u00eame jour ou le jour ouvrable suivant. Cependant, il est important de comprendre que nous n\u2019avons g\u00e9n\u00e9ralement qu\u2019un seul exemplaire de chaque article en stock. Comme nous traitons exclusivement des lampes vintage, il est incertain que nous puissions proposer \u00e0 nouveau les m\u00eames lampes \u00e0 l&rsquo;avenir.<\/p>\n<h3>Options d&rsquo;Exp\u00e9dition<\/h3>\n<p>Vous pouvez passer des commandes dans le monde entier en toute confiance chez nous et b\u00e9n\u00e9ficier de notre service d&rsquo;exp\u00e9dition de premi\u00e8re classe. Nous manipulons votre lampe avec le plus grand soin, l&#8217;emballant soigneusement dans une \u00e9paisse feuille \u00e0 bulles et l&rsquo;exp\u00e9diant dans des bo\u00eetes robustes \u00e0 double paroi. De cette mani\u00e8re, nous faisons tout notre possible pour que votre pr\u00e9cieux achat arrive en parfait \u00e9tat.<\/p>\n<p>Une fois que votre commande quitte notre entrep\u00f4t, vous recevrez imm\u00e9diatement un e-mail de Post NL avec les informations importantes de suivi. Cela vous permet de suivre votre colis depuis le moment de l&rsquo;exp\u00e9dition jusqu&rsquo;\u00e0 votre porte, afin que vous soyez toujours inform\u00e9 de l&rsquo;\u00e9tat de votre commande.<\/p>\n<p>Nous comprenons que vous avez besoin de temps pour d\u00e9cider si la lampe convient parfaitement \u00e0 votre int\u00e9rieur. C&rsquo;est pourquoi nous vous offrons une p\u00e9riode de r\u00e9flexion de 14 jours apr\u00e8s r\u00e9ception de votre commande. De cette mani\u00e8re, vous pouvez d\u00e9terminer si la lampe r\u00e9pond \u00e0 toutes vos attentes.<\/p>\n<h3>\u00c0 propos de Fog og Morup<\/h3>\n<p>Le voyage de Fog og M\u00f8rup a commenc\u00e9 en 1904 avec une modeste entreprise de gros dans trois petites pi\u00e8ces et un sous-sol \u00e0 Aarhus. Un quart de si\u00e8cle plus tard, cette entreprise \u00e9tait devenue l&rsquo;un des principaux fabricants de lampes du Danemark. En 1906, Ansgar Fog et Erik M\u00f8rup ont fait un geste remarquable en reprenant une entreprise \u00e0 Copenhague sp\u00e9cialis\u00e9e dans les articles d&rsquo;\u00e9clairage au gaz et au p\u00e9trole. Ils ont soigneusement emball\u00e9 tout l&rsquo;entrep\u00f4t de gros d&rsquo;Aarhus et l&rsquo;ont transport\u00e9 \u00e0 Copenhague en train. Ils ont m\u00eame emmen\u00e9 leur seul employ\u00e9, le jeune J\u00f8rgen, lors de ce voyage aventureux. Cependant, J\u00f8rgen a finalement choisi un autre chemin. Un matin, ils ont trouv\u00e9 une note. Il \u00e9tait retourn\u00e9 chez lui \u00e0 Aarhus, \u00ab\u00a0parce qu&rsquo;il ne pouvait pas supporter le d\u00e9sir.\u00a0\u00bb<\/p>\n<p>Le commerce des articles d&rsquo;\u00e9clairage prosp\u00e9rait, et l&rsquo;entreprise se d\u00e9veloppait r\u00e9guli\u00e8rement. En 1915, Fog et M\u00f8rup ont d\u00e9cid\u00e9 de cr\u00e9er trois modestes ateliers d\u00e9di\u00e9s \u00e0 la production de lustres. Ces ateliers marquaient les d\u00e9buts de leur propre production de lampes.<\/p>\n<p><a href=\"https:\/\/scandinavischelampen.nl\/product-categorie\/merken\/fog-morup\/\">D\u00e9sormais, explorez notre vaste collection de lampes vintage Fog og M\u00f8rup et laissez-vous enchanter par leur h\u00e9ritage de savoir-faire et de design.<\/a><\/p>\n<p style=\"font-weight: 400;\">\n","protected":false},"excerpt":{"rendered":"<p><strong><span style=\"color: #00ff00;\">\u221a<\/span> <span style=\"color: #ff6600;\">Livraison gratuite en Europe d\u00e8s 350 \u20ac<\/span><br \/>\n<\/strong><strong><span style=\"color: #00ff00;\">\u221a<\/span> Command\u00e9 avant <span style=\"color: #ff6600;\">16h00<\/span>? G\u00e9n\u00e9ralement exp\u00e9di\u00e9 le m\u00eame jour<br \/>\n<\/strong><strong><span style=\"color: #00ff00;\">\u221a<\/span> <span style=\"color: #ff6600;\">14 jours<\/span> de r\u00e9flexion<br \/>\n<\/strong><strong><span style=\"color: #00ff00;\">\u221a<\/span> Convient pour les <span style=\"color: #ff6600;\">LED<\/span><\/strong><\/p>\n<ul>\n<li style=\"font-weight: 400;\"><strong>Hauteur : 23cm<\/strong><\/li>\n<li style=\"font-weight: 400;\"><strong>Diam\u00e8tre : 50 cm<\/strong><\/li>\n<\/ul>\n","protected":false},"featured_media":27450,"template":"","meta":{"_uag_custom_page_level_css":"","site-sidebar-layout":"default","site-content-layout":"default","ast-site-content-layout":"default","site-content-style":"default","site-sidebar-style":"default","ast-global-header-display":"","ast-banner-title-visibility":"","ast-main-header-display":"","ast-hfb-above-header-display":"","ast-hfb-below-header-display":"","ast-hfb-mobile-header-display":"","site-post-title":"","ast-breadcrumbs-content":"","ast-featured-img":"","footer-sml-layout":"","ast-disable-related-posts":"","theme-transparent-header-meta":"default","adv-header-id-meta":"","stick-header-meta":"","header-above-stick-meta":"","header-main-stick-meta":"","header-below-stick-meta":"","astra-migrate-meta-layouts":"set","ast-page-background-enabled":"default","ast-page-background-meta":{"desktop":{"background-color":"var(--ast-global-color-4)","background-image":"","background-repeat":"repeat","background-position":"center center","background-size":"auto","background-attachment":"scroll","background-type":"","background-media":"","overlay-type":"","overlay-color":"","overlay-opacity":"","overlay-gradient":""},"tablet":{"background-color":"","background-image":"","background-repeat":"repeat","background-position":"center center","background-size":"auto","background-attachment":"scroll","background-type":"","background-media":"","overlay-type":"","overlay-color":"","overlay-opacity":"","overlay-gradient":""},"mobile":{"background-color":"","background-image":"","background-repeat":"repeat","background-position":"center center","background-size":"auto","background-attachment":"scroll","background-type":"","background-media":"","overlay-type":"","overlay-color":"","overlay-opacity":"","overlay-gradient":""}},"ast-content-background-meta":{"desktop":{"background-color":"var(--ast-global-color-5)","background-image":"","background-repeat":"repeat","background-position":"center center","background-size":"auto","background-attachment":"scroll","background-type":"","background-media":"","overlay-type":"","overlay-color":"","overlay-opacity":"","overlay-gradient":""},"tablet":{"background-color":"var(--ast-global-color-5)","background-image":"","background-repeat":"repeat","background-position":"center center","background-size":"auto","background-attachment":"scroll","background-type":"","background-media":"","overlay-type":"","overlay-color":"","overlay-opacity":"","overlay-gradient":""},"mobile":{"background-color":"var(--ast-global-color-5)","background-image":"","background-repeat":"repeat","background-position":"center center","background-size":"auto","background-attachment":"scroll","background-type":"","background-media":"","overlay-type":"","overlay-color":"","overlay-opacity":"","overlay-gradient":""}}},"product_brand":[],"product_cat":[459,353,337,336,338,408,333,335,604],"product_tag":[363],"class_list":{"0":"post-27382","1":"product","2":"type-product","3":"status-publish","4":"has-post-thumbnail","6":"product_cat-collection-de-couleurs","7":"product_cat-eclairage-de-couloir","8":"product_cat-eclairage-de-la-chambre","9":"product_cat-eclairage-de-la-cuisine","10":"product_cat-eclairage-du-salon","11":"product_cat-fog-morup-fr","12":"product_cat-suspensions-scandinaves","13":"product_cat-suspensions-pour-table-a-manger","14":"product_cat-voir-notre-collection-complete","15":"product_tag-blanc","16":"desktop-align-center","17":"tablet-align-left","18":"mobile-align-left","20":"first","21":"instock","22":"taxable","23":"shipping-taxable","24":"purchasable","25":"product-type-simple"},"yoast_head":"<!-- This site is optimized with the Yoast SEO plugin v27.4 - https:\/\/yoast.com\/product\/yoast-seo-wordpress\/ -->\n<title>Fog og M\u00f8rup Optima 6 Hans Due - Lampes scandinaves<\/title>\n<meta name=\"description\" content=\"Suspension Vintage Fog og M\u00f8rup Optima 6 con\u00e7ue par Hans Due. La lampe est en acier laqu\u00e9 blanc avec un bo\u00eetier de lampe cylindrique.\" \/>\n<meta name=\"robots\" content=\"index, follow, max-snippet:-1, max-image-preview:large, max-video-preview:-1\" \/>\n<link rel=\"canonical\" href=\"https:\/\/scandinavischelampen.nl\/fr\/produit\/vintage-fog-og-morup-suspension-optima-6-by-hans-due-2\/\" \/>\n<meta property=\"og:locale\" content=\"fr_FR\" \/>\n<meta property=\"og:type\" content=\"article\" \/>\n<meta property=\"og:title\" content=\"Fog og M\u00f8rup Optima 6 Hans Due - Lampes scandinaves\" \/>\n<meta property=\"og:description\" content=\"Suspension Vintage Fog og M\u00f8rup Optima 6 con\u00e7ue par Hans Due. La lampe est en acier laqu\u00e9 blanc avec un bo\u00eetier de lampe cylindrique.\" \/>\n<meta property=\"og:url\" content=\"https:\/\/scandinavischelampen.nl\/fr\/produit\/vintage-fog-og-morup-suspension-optima-6-by-hans-due-2\/\" \/>\n<meta property=\"og:site_name\" content=\"Lampes Scandinaves\" \/>\n<meta property=\"article:publisher\" content=\"https:\/\/www.facebook.com\/scandinavischelampen\/\" \/>\n<meta property=\"article:modified_time\" content=\"2024-06-24T20:39:43+00:00\" \/>\n<meta property=\"og:image\" content=\"https:\/\/i0.wp.com\/scandinavischelampen.nl\/wp-content\/uploads\/2023\/08\/539634C5-C9D1-4477-A3DF-62F99AADB488_1_201_a-kopieren-scaled.jpg?fit=1920%2C2560&ssl=1\" \/>\n\t<meta property=\"og:image:width\" content=\"1920\" \/>\n\t<meta property=\"og:image:height\" content=\"2560\" \/>\n\t<meta property=\"og:image:type\" content=\"image\/jpeg\" \/>\n<meta name=\"twitter:card\" content=\"summary_large_image\" \/>\n<meta name=\"twitter:label1\" content=\"Dur\u00e9e de lecture estim\u00e9e\" \/>\n\t<meta name=\"twitter:data1\" content=\"4 minutes\" \/>\n<script type=\"application\/ld+json\" class=\"yoast-schema-graph\">{\"@context\":\"https:\\\/\\\/schema.org\",\"@graph\":[{\"@type\":\"WebPage\",\"@id\":\"https:\\\/\\\/scandinavischelampen.nl\\\/fr\\\/produit\\\/vintage-fog-og-morup-suspension-optima-6-by-hans-due-2\\\/\",\"url\":\"https:\\\/\\\/scandinavischelampen.nl\\\/fr\\\/produit\\\/vintage-fog-og-morup-suspension-optima-6-by-hans-due-2\\\/\",\"name\":\"Fog og M\u00f8rup Optima 6 Hans Due - Lampes scandinaves\",\"isPartOf\":{\"@id\":\"https:\\\/\\\/scandinavischelampen.nl\\\/fr\\\/#website\"},\"primaryImageOfPage\":{\"@id\":\"https:\\\/\\\/scandinavischelampen.nl\\\/fr\\\/produit\\\/vintage-fog-og-morup-suspension-optima-6-by-hans-due-2\\\/#primaryimage\"},\"image\":{\"@id\":\"https:\\\/\\\/scandinavischelampen.nl\\\/fr\\\/produit\\\/vintage-fog-og-morup-suspension-optima-6-by-hans-due-2\\\/#primaryimage\"},\"thumbnailUrl\":\"https:\\\/\\\/i0.wp.com\\\/scandinavischelampen.nl\\\/wp-content\\\/uploads\\\/2023\\\/08\\\/539634C5-C9D1-4477-A3DF-62F99AADB488_1_201_a-kopieren-scaled.jpg?fit=1920%2C2560&ssl=1\",\"datePublished\":\"2023-08-26T10:08:15+00:00\",\"dateModified\":\"2024-06-24T20:39:43+00:00\",\"description\":\"Suspension Vintage Fog og M\u00f8rup Optima 6 con\u00e7ue par Hans Due. La lampe est en acier laqu\u00e9 blanc avec un bo\u00eetier de lampe cylindrique.\",\"breadcrumb\":{\"@id\":\"https:\\\/\\\/scandinavischelampen.nl\\\/fr\\\/produit\\\/vintage-fog-og-morup-suspension-optima-6-by-hans-due-2\\\/#breadcrumb\"},\"inLanguage\":\"fr-FR\",\"potentialAction\":[{\"@type\":\"ReadAction\",\"target\":[\"https:\\\/\\\/scandinavischelampen.nl\\\/fr\\\/produit\\\/vintage-fog-og-morup-suspension-optima-6-by-hans-due-2\\\/\"]}]},{\"@type\":\"ImageObject\",\"inLanguage\":\"fr-FR\",\"@id\":\"https:\\\/\\\/scandinavischelampen.nl\\\/fr\\\/produit\\\/vintage-fog-og-morup-suspension-optima-6-by-hans-due-2\\\/#primaryimage\",\"url\":\"https:\\\/\\\/i0.wp.com\\\/scandinavischelampen.nl\\\/wp-content\\\/uploads\\\/2023\\\/08\\\/539634C5-C9D1-4477-A3DF-62F99AADB488_1_201_a-kopieren-scaled.jpg?fit=1920%2C2560&ssl=1\",\"contentUrl\":\"https:\\\/\\\/i0.wp.com\\\/scandinavischelampen.nl\\\/wp-content\\\/uploads\\\/2023\\\/08\\\/539634C5-C9D1-4477-A3DF-62F99AADB488_1_201_a-kopieren-scaled.jpg?fit=1920%2C2560&ssl=1\",\"width\":1920,\"height\":2560,\"caption\":\"Image de la suspension Vintage Fog og M\u00f8rup Optima 6 con\u00e7ue par Hans Due propos\u00e9e dans cette publicit\u00e9.\"},{\"@type\":\"BreadcrumbList\",\"@id\":\"https:\\\/\\\/scandinavischelampen.nl\\\/fr\\\/produit\\\/vintage-fog-og-morup-suspension-optima-6-by-hans-due-2\\\/#breadcrumb\",\"itemListElement\":[{\"@type\":\"ListItem\",\"position\":1,\"name\":\"Home\",\"item\":\"https:\\\/\\\/scandinavischelampen.nl\\\/fr\\\/\"},{\"@type\":\"ListItem\",\"position\":2,\"name\":\"Boutique\",\"item\":\"https:\\\/\\\/scandinavischelampen.nl\\\/fr\\\/boutique\\\/\"},{\"@type\":\"ListItem\",\"position\":3,\"name\":\"Suspension vintage Fog og M\u00f8rup Optima 6 par Hans Due\"}]},{\"@type\":\"WebSite\",\"@id\":\"https:\\\/\\\/scandinavischelampen.nl\\\/fr\\\/#website\",\"url\":\"https:\\\/\\\/scandinavischelampen.nl\\\/fr\\\/\",\"name\":\"Scandinavische Lampen\",\"description\":\"Luminaire design vintage\",\"publisher\":{\"@id\":\"https:\\\/\\\/scandinavischelampen.nl\\\/fr\\\/#organization\"},\"potentialAction\":[{\"@type\":\"SearchAction\",\"target\":{\"@type\":\"EntryPoint\",\"urlTemplate\":\"https:\\\/\\\/scandinavischelampen.nl\\\/fr\\\/?s={search_term_string}\"},\"query-input\":{\"@type\":\"PropertyValueSpecification\",\"valueRequired\":true,\"valueName\":\"search_term_string\"}}],\"inLanguage\":\"fr-FR\"},{\"@type\":\"Organization\",\"@id\":\"https:\\\/\\\/scandinavischelampen.nl\\\/fr\\\/#organization\",\"name\":\"Scandinavische Lampen\",\"url\":\"https:\\\/\\\/scandinavischelampen.nl\\\/fr\\\/\",\"logo\":{\"@type\":\"ImageObject\",\"inLanguage\":\"fr-FR\",\"@id\":\"https:\\\/\\\/scandinavischelampen.nl\\\/fr\\\/#\\\/schema\\\/logo\\\/image\\\/\",\"url\":\"https:\\\/\\\/i0.wp.com\\\/scandinavischelampen.nl\\\/wp-content\\\/uploads\\\/2023\\\/07\\\/cropped-Scandinavische-lampen-logo-oranje-01-scaled.png?fit=4717%2C1570&ssl=1\",\"contentUrl\":\"https:\\\/\\\/i0.wp.com\\\/scandinavischelampen.nl\\\/wp-content\\\/uploads\\\/2023\\\/07\\\/cropped-Scandinavische-lampen-logo-oranje-01-scaled.png?fit=4717%2C1570&ssl=1\",\"width\":4717,\"height\":1570,\"caption\":\"Scandinavische Lampen\"},\"image\":{\"@id\":\"https:\\\/\\\/scandinavischelampen.nl\\\/fr\\\/#\\\/schema\\\/logo\\\/image\\\/\"},\"sameAs\":[\"https:\\\/\\\/www.facebook.com\\\/scandinavischelampen\\\/\",\"https:\\\/\\\/www.instagram.com\\\/scandinavische_lampen\\\/\"]}]}<\/script>\n<!-- \/ Yoast SEO plugin. -->","yoast_head_json":{"title":"Fog og M\u00f8rup Optima 6 Hans Due - Lampes scandinaves","description":"Suspension Vintage Fog og M\u00f8rup Optima 6 con\u00e7ue par Hans Due. La lampe est en acier laqu\u00e9 blanc avec un bo\u00eetier de lampe cylindrique.","robots":{"index":"index","follow":"follow","max-snippet":"max-snippet:-1","max-image-preview":"max-image-preview:large","max-video-preview":"max-video-preview:-1"},"canonical":"https:\/\/scandinavischelampen.nl\/fr\/produit\/vintage-fog-og-morup-suspension-optima-6-by-hans-due-2\/","og_locale":"fr_FR","og_type":"article","og_title":"Fog og M\u00f8rup Optima 6 Hans Due - Lampes scandinaves","og_description":"Suspension Vintage Fog og M\u00f8rup Optima 6 con\u00e7ue par Hans Due. La lampe est en acier laqu\u00e9 blanc avec un bo\u00eetier de lampe cylindrique.","og_url":"https:\/\/scandinavischelampen.nl\/fr\/produit\/vintage-fog-og-morup-suspension-optima-6-by-hans-due-2\/","og_site_name":"Lampes Scandinaves","article_publisher":"https:\/\/www.facebook.com\/scandinavischelampen\/","article_modified_time":"2024-06-24T20:39:43+00:00","og_image":[{"width":1920,"height":2560,"url":"https:\/\/i0.wp.com\/scandinavischelampen.nl\/wp-content\/uploads\/2023\/08\/539634C5-C9D1-4477-A3DF-62F99AADB488_1_201_a-kopieren-scaled.jpg?fit=1920%2C2560&ssl=1","type":"image\/jpeg"}],"twitter_card":"summary_large_image","twitter_misc":{"Dur\u00e9e de lecture estim\u00e9e":"4 minutes"},"schema":{"@context":"https:\/\/schema.org","@graph":[{"@type":"WebPage","@id":"https:\/\/scandinavischelampen.nl\/fr\/produit\/vintage-fog-og-morup-suspension-optima-6-by-hans-due-2\/","url":"https:\/\/scandinavischelampen.nl\/fr\/produit\/vintage-fog-og-morup-suspension-optima-6-by-hans-due-2\/","name":"Fog og M\u00f8rup Optima 6 Hans Due - Lampes scandinaves","isPartOf":{"@id":"https:\/\/scandinavischelampen.nl\/fr\/#website"},"primaryImageOfPage":{"@id":"https:\/\/scandinavischelampen.nl\/fr\/produit\/vintage-fog-og-morup-suspension-optima-6-by-hans-due-2\/#primaryimage"},"image":{"@id":"https:\/\/scandinavischelampen.nl\/fr\/produit\/vintage-fog-og-morup-suspension-optima-6-by-hans-due-2\/#primaryimage"},"thumbnailUrl":"https:\/\/i0.wp.com\/scandinavischelampen.nl\/wp-content\/uploads\/2023\/08\/539634C5-C9D1-4477-A3DF-62F99AADB488_1_201_a-kopieren-scaled.jpg?fit=1920%2C2560&ssl=1","datePublished":"2023-08-26T10:08:15+00:00","dateModified":"2024-06-24T20:39:43+00:00","description":"Suspension Vintage Fog og M\u00f8rup Optima 6 con\u00e7ue par Hans Due. La lampe est en acier laqu\u00e9 blanc avec un bo\u00eetier de lampe cylindrique.","breadcrumb":{"@id":"https:\/\/scandinavischelampen.nl\/fr\/produit\/vintage-fog-og-morup-suspension-optima-6-by-hans-due-2\/#breadcrumb"},"inLanguage":"fr-FR","potentialAction":[{"@type":"ReadAction","target":["https:\/\/scandinavischelampen.nl\/fr\/produit\/vintage-fog-og-morup-suspension-optima-6-by-hans-due-2\/"]}]},{"@type":"ImageObject","inLanguage":"fr-FR","@id":"https:\/\/scandinavischelampen.nl\/fr\/produit\/vintage-fog-og-morup-suspension-optima-6-by-hans-due-2\/#primaryimage","url":"https:\/\/i0.wp.com\/scandinavischelampen.nl\/wp-content\/uploads\/2023\/08\/539634C5-C9D1-4477-A3DF-62F99AADB488_1_201_a-kopieren-scaled.jpg?fit=1920%2C2560&ssl=1","contentUrl":"https:\/\/i0.wp.com\/scandinavischelampen.nl\/wp-content\/uploads\/2023\/08\/539634C5-C9D1-4477-A3DF-62F99AADB488_1_201_a-kopieren-scaled.jpg?fit=1920%2C2560&ssl=1","width":1920,"height":2560,"caption":"Image de la suspension Vintage Fog og M\u00f8rup Optima 6 con\u00e7ue par Hans Due propos\u00e9e dans cette publicit\u00e9."},{"@type":"BreadcrumbList","@id":"https:\/\/scandinavischelampen.nl\/fr\/produit\/vintage-fog-og-morup-suspension-optima-6-by-hans-due-2\/#breadcrumb","itemListElement":[{"@type":"ListItem","position":1,"name":"Home","item":"https:\/\/scandinavischelampen.nl\/fr\/"},{"@type":"ListItem","position":2,"name":"Boutique","item":"https:\/\/scandinavischelampen.nl\/fr\/boutique\/"},{"@type":"ListItem","position":3,"name":"Suspension vintage Fog og M\u00f8rup Optima 6 par Hans Due"}]},{"@type":"WebSite","@id":"https:\/\/scandinavischelampen.nl\/fr\/#website","url":"https:\/\/scandinavischelampen.nl\/fr\/","name":"Scandinavische Lampen","description":"Luminaire design vintage","publisher":{"@id":"https:\/\/scandinavischelampen.nl\/fr\/#organization"},"potentialAction":[{"@type":"SearchAction","target":{"@type":"EntryPoint","urlTemplate":"https:\/\/scandinavischelampen.nl\/fr\/?s={search_term_string}"},"query-input":{"@type":"PropertyValueSpecification","valueRequired":true,"valueName":"search_term_string"}}],"inLanguage":"fr-FR"},{"@type":"Organization","@id":"https:\/\/scandinavischelampen.nl\/fr\/#organization","name":"Scandinavische Lampen","url":"https:\/\/scandinavischelampen.nl\/fr\/","logo":{"@type":"ImageObject","inLanguage":"fr-FR","@id":"https:\/\/scandinavischelampen.nl\/fr\/#\/schema\/logo\/image\/","url":"https:\/\/i0.wp.com\/scandinavischelampen.nl\/wp-content\/uploads\/2023\/07\/cropped-Scandinavische-lampen-logo-oranje-01-scaled.png?fit=4717%2C1570&ssl=1","contentUrl":"https:\/\/i0.wp.com\/scandinavischelampen.nl\/wp-content\/uploads\/2023\/07\/cropped-Scandinavische-lampen-logo-oranje-01-scaled.png?fit=4717%2C1570&ssl=1","width":4717,"height":1570,"caption":"Scandinavische Lampen"},"image":{"@id":"https:\/\/scandinavischelampen.nl\/fr\/#\/schema\/logo\/image\/"},"sameAs":["https:\/\/www.facebook.com\/scandinavischelampen\/","https:\/\/www.instagram.com\/scandinavische_lampen\/"]}]}},"uagb_featured_image_src":{"full":["https:\/\/i0.wp.com\/scandinavischelampen.nl\/wp-content\/uploads\/2023\/08\/539634C5-C9D1-4477-A3DF-62F99AADB488_1_201_a-kopieren-scaled.jpg?fit=1920%2C2560&ssl=1",1920,2560,false],"thumbnail":["https:\/\/i0.wp.com\/scandinavischelampen.nl\/wp-content\/uploads\/2023\/08\/539634C5-C9D1-4477-A3DF-62F99AADB488_1_201_a-kopieren-scaled.jpg?resize=150%2C150&ssl=1",150,150,true],"medium":["https:\/\/i0.wp.com\/scandinavischelampen.nl\/wp-content\/uploads\/2023\/08\/539634C5-C9D1-4477-A3DF-62F99AADB488_1_201_a-kopieren-scaled.jpg?fit=225%2C300&ssl=1",225,300,true],"medium_large":["https:\/\/i0.wp.com\/scandinavischelampen.nl\/wp-content\/uploads\/2023\/08\/539634C5-C9D1-4477-A3DF-62F99AADB488_1_201_a-kopieren-scaled.jpg?fit=768%2C1024&ssl=1",768,1024,true],"large":["https:\/\/i0.wp.com\/scandinavischelampen.nl\/wp-content\/uploads\/2023\/08\/539634C5-C9D1-4477-A3DF-62F99AADB488_1_201_a-kopieren-scaled.jpg?fit=768%2C1024&ssl=1",768,1024,true],"1536x1536":["https:\/\/i0.wp.com\/scandinavischelampen.nl\/wp-content\/uploads\/2023\/08\/539634C5-C9D1-4477-A3DF-62F99AADB488_1_201_a-kopieren-scaled.jpg?fit=1152%2C1536&ssl=1",1152,1536,true],"2048x2048":["https:\/\/i0.wp.com\/scandinavischelampen.nl\/wp-content\/uploads\/2023\/08\/539634C5-C9D1-4477-A3DF-62F99AADB488_1_201_a-kopieren-scaled.jpg?fit=1536%2C2048&ssl=1",1536,2048,true],"woocommerce_thumbnail":["https:\/\/i0.wp.com\/scandinavischelampen.nl\/wp-content\/uploads\/2023\/08\/539634C5-C9D1-4477-A3DF-62F99AADB488_1_201_a-kopieren-scaled.jpg?resize=300%2C300&ssl=1",300,300,true],"woocommerce_single":["https:\/\/i0.wp.com\/scandinavischelampen.nl\/wp-content\/uploads\/2023\/08\/539634C5-C9D1-4477-A3DF-62F99AADB488_1_201_a-kopieren-scaled.jpg?fit=600%2C800&ssl=1",600,800,true],"woocommerce_gallery_thumbnail":["https:\/\/i0.wp.com\/scandinavischelampen.nl\/wp-content\/uploads\/2023\/08\/539634C5-C9D1-4477-A3DF-62F99AADB488_1_201_a-kopieren-scaled.jpg?resize=100%2C100&ssl=1",100,100,true],"thaps-thumb-img":["https:\/\/i0.wp.com\/scandinavischelampen.nl\/wp-content\/uploads\/2023\/08\/539634C5-C9D1-4477-A3DF-62F99AADB488_1_201_a-kopieren-scaled.jpg?resize=48%2C64&ssl=1",48,64,true]},"uagb_author_info":{"display_name":"administrator","author_link":"https:\/\/scandinavischelampen.nl\/fr\/author\/"},"uagb_comment_info":0,"uagb_excerpt":"\u221a Livraison gratuite en Europe d\u00e8s 350 \u20ac \u221a Command\u00e9 avant 16h00? G\u00e9n\u00e9ralement exp\u00e9di\u00e9 le m\u00eame jour \u221a 14 jours de r\u00e9flexion \u221a Convient pour les LED Hauteur : 23cm Diam\u00e8tre : 50 cm","jetpack_sharing_enabled":true,"_links":{"self":[{"href":"https:\/\/scandinavischelampen.nl\/fr\/wp-json\/wp\/v2\/product\/27382","targetHints":{"allow":["GET"]}}],"collection":[{"href":"https:\/\/scandinavischelampen.nl\/fr\/wp-json\/wp\/v2\/product"}],"about":[{"href":"https:\/\/scandinavischelampen.nl\/fr\/wp-json\/wp\/v2\/types\/product"}],"wp:featuredmedia":[{"embeddable":true,"href":"https:\/\/scandinavischelampen.nl\/fr\/wp-json\/wp\/v2\/media\/27450"}],"wp:attachment":[{"href":"https:\/\/scandinavischelampen.nl\/fr\/wp-json\/wp\/v2\/media?parent=27382"}],"wp:term":[{"taxonomy":"product_brand","embeddable":true,"href":"https:\/\/scandinavischelampen.nl\/fr\/wp-json\/wp\/v2\/product_brand?post=27382"},{"taxonomy":"product_cat","embeddable":true,"href":"https:\/\/scandinavischelampen.nl\/fr\/wp-json\/wp\/v2\/product_cat?post=27382"},{"taxonomy":"product_tag","embeddable":true,"href":"https:\/\/scandinavischelampen.nl\/fr\/wp-json\/wp\/v2\/product_tag?post=27382"}],"curies":[{"name":"wp","href":"https:\/\/api.w.org\/{rel}","templated":true}]}}