{"id":24098,"date":"2023-07-28T09:41:32","date_gmt":"2023-07-28T07:41:32","guid":{"rendered":"https:\/\/scandinavischelampen.nl\/?post_type=product&#038;p=24098"},"modified":"2024-06-24T23:04:18","modified_gmt":"2024-06-24T21:04:18","slug":"design-light-suspension-modele-carina-3","status":"publish","type":"product","link":"https:\/\/scandinavischelampen.nl\/fr\/produit\/design-light-suspension-modele-carina-3\/","title":{"rendered":"Suspension Design-Light mod\u00e8le Carina"},"content":{"rendered":"<h1>Suspension Design-Light mod\u00e8le Carina<\/h1>\n<p>D\u00e9couvrez l&rsquo;enchanteresse lampe suspendue Carina, un chef-d&rsquo;\u0153uvre de Design-Light qui transforme n&rsquo;importe quelle pi\u00e8ce en une oasis de style et de chaleur. Avec ses formes f\u00e9minines \u00e9l\u00e9gantes, ce design vintage frappant est con\u00e7u pour exciter les sens.<\/p>\n<p>Les couches subtilement textur\u00e9es de la Carina cr\u00e9ent une diffusion enchanteresse de la lumi\u00e8re vers le bas et sur les c\u00f4t\u00e9s, donnant \u00e0 votre pi\u00e8ce une lueur unique et atmosph\u00e9rique. Que vous recherchiez la lampe vintage parfaite au-dessus de votre table \u00e0 manger, dans votre cuisine ou comme pi\u00e8ce d&rsquo;exposition artistique, la lampe suspendue Carina s&rsquo;adapte sans effort \u00e0 toutes les situations.<\/p>\n<h2>Conditions<\/h2>\n<p>Cette lampe, qui a un \u00e2ge respectable d&rsquo;environ 35 ans, est en bon \u00e9tat et ne pr\u00e9sente que de l\u00e9g\u00e8res traces de ses ann\u00e9es d&rsquo;utilisation.<\/p>\n<p>Ce lustre n&rsquo;est pas simplement une addition esth\u00e9tique ; c&rsquo;est aussi un choix conscient pour l&rsquo;environnement. Apportez non seulement un morceau de design danois chez vous, mais contribuez \u00e9galement \u00e0 un monde plus vert. Avec ce lustre, vous affirmez non seulement votre style, mais aussi votre sens de l&rsquo;\u00e9cologie. Optez pour un \u00e9clairage avec une histoire et un impact.<\/p>\n<h2>Sp\u00e9cifications Lampe suspendue Design-Light mod\u00e8le Carina<\/h2>\n<ul>\n<li>Hauteur : 20cm<\/li>\n<li>Diam\u00e8tre : 46 cm<\/li>\n<li>Hauteur totale avec cordon 130 cm (r\u00e9glable lors de l&rsquo;installation)<\/li>\n<li>Mat\u00e9riau : acier<\/li>\n<li>Couleur du cordon : Blanc<\/li>\n<li>Puissance maximale : 60W<\/li>\n<li>Culot: E27<\/li>\n<li>Convient aux lampes LED<\/li>\n<li>Poids : 2 kg<\/li>\n<\/ul>\n<h3>Compatible avec les LED<\/h3>\n<p>\u00c0 la lumi\u00e8re des co\u00fbts \u00e9nerg\u00e9tiques actuels, l&rsquo;efficacit\u00e9 est devenue un aspect crucial. Ce lustre suspendu est \u00e9quip\u00e9 d&rsquo;une douille E27, ce qui le rend compatible avec les ampoules LED et m\u00eame avec les options d&rsquo;\u00e9clairage intelligent. De plus, le lustre peut \u00eatre facilement associ\u00e9 \u00e0 un variateur, vous offrant un contr\u00f4le total sur l&rsquo;ambiance. Profitez du m\u00e9lange parfait entre le pass\u00e9 et l&rsquo;avenir tout en \u00e9conomisant de l&rsquo;\u00e9nergie en m\u00eame temps.<\/p>\n<h3>Notre stock disponible<\/h3>\n<p>Toutes les lampes que nous proposons sont disponibles imm\u00e9diatement. Cela signifie que nous exp\u00e9dions g\u00e9n\u00e9ralement votre commande le m\u00eame jour ou le jour ouvrable suivant. Cependant, il est important de comprendre que nous n\u2019avons g\u00e9n\u00e9ralement qu\u2019un seul exemplaire de chaque article en stock. Comme nous traitons exclusivement des lampes vintage, il est incertain que nous puissions proposer \u00e0 nouveau les m\u00eames lampes \u00e0 l&rsquo;avenir.<\/p>\n<h3>Options d&rsquo;Exp\u00e9dition<\/h3>\n<p>Vous pouvez passer des commandes dans le monde entier en toute confiance chez nous et b\u00e9n\u00e9ficier de notre service d&rsquo;exp\u00e9dition de premi\u00e8re classe. Nous manipulons votre lampe avec le plus grand soin, l&#8217;emballant soigneusement dans une \u00e9paisse feuille \u00e0 bulles et l&rsquo;exp\u00e9diant dans des bo\u00eetes robustes \u00e0 double paroi. De cette mani\u00e8re, nous faisons tout notre possible pour que votre pr\u00e9cieux achat arrive en parfait \u00e9tat.<\/p>\n<p>Une fois que votre commande quitte notre entrep\u00f4t, vous recevrez imm\u00e9diatement un e-mail de Post NL avec les informations importantes de suivi. Cela vous permet de suivre votre colis depuis le moment de l&rsquo;exp\u00e9dition jusqu&rsquo;\u00e0 votre porte, afin que vous soyez toujours inform\u00e9 de l&rsquo;\u00e9tat de votre commande.<\/p>\n<p>Nous comprenons que vous avez besoin de temps pour d\u00e9cider si la lampe convient parfaitement \u00e0 votre int\u00e9rieur. C&rsquo;est pourquoi nous vous offrons une p\u00e9riode de r\u00e9flexion de 14 jours apr\u00e8s r\u00e9ception de votre commande. De cette mani\u00e8re, vous pouvez d\u00e9terminer si la lampe r\u00e9pond \u00e0 toutes vos attentes.<\/p>\n<h2>\u00c0 propos de Design-Light<\/h2>\n<p>\u00c0 propos de Design-Light Plongez dans le monde fascinant de Design Light, une c\u00e9l\u00e8bre entreprise d&rsquo;\u00e9clairage danoise bas\u00e9e \u00e0 Randers. Leur histoire a commenc\u00e9 dans les ann\u00e9es 1980, o\u00f9 ils ont introduit deux s\u00e9ries principales embl\u00e9matiques qui ont conquis le monde du design.<\/p>\n<p>La premi\u00e8re s\u00e9rie concerne des lampes suspendues et des appliques minimalistes, presque UFO. Ces \u0153uvres d&rsquo;art sont construites \u00e0 partir de combinaisons de mat\u00e9riaux innovants, tels que le perspex futuriste et la maille m\u00e9tallique raffin\u00e9e. Ces lampes ne sont pas seulement fonctionnelles, mais aussi de v\u00e9ritables \u0153uvres d&rsquo;art qui subliment chaque espace.<\/p>\n<p>La deuxi\u00e8me ligne se compose de lampes suspendues multicouches de haute qualit\u00e9 dans le style moderne danois intemporel. Elles incarnent la simplicit\u00e9 \u00e9l\u00e9gante pour laquelle le design danois est connu et sont un symbole de savoir-faire et de style.<\/p>\n<p>Dans notre magasin, vous trouverez une vaste collection de lampes suspendues Design Light, chacune ayant son propre caract\u00e8re unique. Laissez-vous enchanter par les magnifiques designs et ajoutez une touche de raffinement danois \u00e0 votre int\u00e9rieur. <a href=\"https:\/\/scandinavischelampen.nl\/product-categorie\/merken\/design-light\/\">Explorez notre collection compl\u00e8te d\u00e8s aujourd&rsquo;hui et laissez-vous inspirer par le brillant design de Design Light.<\/a><\/p>\n<p>&nbsp;<\/p>\n","protected":false},"excerpt":{"rendered":"<p><strong><span style=\"color: #00ff00;\">\u221a<\/span> <span style=\"color: #ff6600;\">Livraison gratuite en Europe d\u00e8s 350 \u20ac<\/span><br \/>\n<\/strong><strong><span style=\"color: #00ff00;\">\u221a<\/span> Command\u00e9 avant <span style=\"color: #ff6600;\">16h00<\/span>? G\u00e9n\u00e9ralement exp\u00e9di\u00e9 le m\u00eame jour<br \/>\n<\/strong><strong><span style=\"color: #00ff00;\">\u221a<\/span> <span style=\"color: #ff6600;\">14 jours<\/span> de r\u00e9flexion<br \/>\n<\/strong><strong><span style=\"color: #00ff00;\">\u221a<\/span> Convient pour les <span style=\"color: #ff6600;\">LED<\/span><\/strong><\/p>\n<ul>\n<li><strong>Hauteur : 20cm<\/strong><\/li>\n<li><strong>Diam\u00e8tre : 46 cm<\/strong><\/li>\n<\/ul>\n<p>&nbsp;<\/p>\n","protected":false},"featured_media":25321,"template":"","meta":{"_uag_custom_page_level_css":"","site-sidebar-layout":"default","site-content-layout":"default","ast-site-content-layout":"default","site-content-style":"default","site-sidebar-style":"default","ast-global-header-display":"","ast-banner-title-visibility":"","ast-main-header-display":"","ast-hfb-above-header-display":"","ast-hfb-below-header-display":"","ast-hfb-mobile-header-display":"","site-post-title":"","ast-breadcrumbs-content":"","ast-featured-img":"","footer-sml-layout":"","ast-disable-related-posts":"","theme-transparent-header-meta":"default","adv-header-id-meta":"","stick-header-meta":"","header-above-stick-meta":"","header-main-stick-meta":"","header-below-stick-meta":"","astra-migrate-meta-layouts":"default","ast-page-background-enabled":"default","ast-page-background-meta":{"desktop":{"background-color":"var(--ast-global-color-4)","background-image":"","background-repeat":"repeat","background-position":"center center","background-size":"auto","background-attachment":"scroll","background-type":"","background-media":"","overlay-type":"","overlay-color":"","overlay-opacity":"","overlay-gradient":""},"tablet":{"background-color":"","background-image":"","background-repeat":"repeat","background-position":"center center","background-size":"auto","background-attachment":"scroll","background-type":"","background-media":"","overlay-type":"","overlay-color":"","overlay-opacity":"","overlay-gradient":""},"mobile":{"background-color":"","background-image":"","background-repeat":"repeat","background-position":"center center","background-size":"auto","background-attachment":"scroll","background-type":"","background-media":"","overlay-type":"","overlay-color":"","overlay-opacity":"","overlay-gradient":""}},"ast-content-background-meta":{"desktop":{"background-color":"var(--ast-global-color-5)","background-image":"","background-repeat":"repeat","background-position":"center center","background-size":"auto","background-attachment":"scroll","background-type":"","background-media":"","overlay-type":"","overlay-color":"","overlay-opacity":"","overlay-gradient":""},"tablet":{"background-color":"var(--ast-global-color-5)","background-image":"","background-repeat":"repeat","background-position":"center center","background-size":"auto","background-attachment":"scroll","background-type":"","background-media":"","overlay-type":"","overlay-color":"","overlay-opacity":"","overlay-gradient":""},"mobile":{"background-color":"var(--ast-global-color-5)","background-image":"","background-repeat":"repeat","background-position":"center center","background-size":"auto","background-attachment":"scroll","background-type":"","background-media":"","overlay-type":"","overlay-color":"","overlay-opacity":"","overlay-gradient":""}}},"product_brand":[],"product_cat":[339,353,337,336,338,333,335,604],"product_tag":[434],"class_list":{"0":"post-24098","1":"product","2":"type-product","3":"status-publish","4":"has-post-thumbnail","6":"product_cat-design-light-fr","7":"product_cat-eclairage-de-couloir","8":"product_cat-eclairage-de-la-chambre","9":"product_cat-eclairage-de-la-cuisine","10":"product_cat-eclairage-du-salon","11":"product_cat-suspensions-scandinaves","12":"product_cat-suspensions-pour-table-a-manger","13":"product_cat-voir-notre-collection-complete","14":"product_tag-blanc-creme","15":"desktop-align-center","16":"tablet-align-left","17":"mobile-align-left","19":"first","20":"instock","21":"taxable","22":"shipping-taxable","23":"purchasable","24":"product-type-simple"},"yoast_head":"<!-- This site is optimized with the Yoast SEO plugin v27.4 - https:\/\/yoast.com\/product\/yoast-seo-wordpress\/ -->\n<title>Suspension Design-Light mod\u00e8le Carina<\/title>\n<meta name=\"description\" content=\"Belle suspension vintage Design-Light mod\u00e8le Carina avec quatre couches s\u00e9par\u00e9es. Magnifique au-dessus d&#039;une table \u00e0 manger, dans un salon et une chambre\" \/>\n<meta name=\"robots\" content=\"index, follow, max-snippet:-1, max-image-preview:large, max-video-preview:-1\" \/>\n<link rel=\"canonical\" href=\"https:\/\/scandinavischelampen.nl\/fr\/produit\/design-light-suspension-modele-carina-3\/\" \/>\n<meta property=\"og:locale\" content=\"fr_FR\" \/>\n<meta property=\"og:type\" content=\"article\" \/>\n<meta property=\"og:title\" content=\"Suspension Design-Light mod\u00e8le Carina\" \/>\n<meta property=\"og:description\" content=\"Belle suspension vintage Design-Light mod\u00e8le Carina avec quatre couches s\u00e9par\u00e9es. Magnifique au-dessus d&#039;une table \u00e0 manger, dans un salon et une chambre\" \/>\n<meta property=\"og:url\" content=\"https:\/\/scandinavischelampen.nl\/fr\/produit\/design-light-suspension-modele-carina-3\/\" \/>\n<meta property=\"og:site_name\" content=\"Lampes Scandinaves\" \/>\n<meta property=\"article:publisher\" content=\"https:\/\/www.facebook.com\/scandinavischelampen\/\" \/>\n<meta property=\"article:modified_time\" content=\"2024-06-24T21:04:18+00:00\" \/>\n<meta property=\"og:image\" content=\"https:\/\/i0.wp.com\/scandinavischelampen.nl\/wp-content\/uploads\/2023\/07\/Lyfa--scaled.jpg?fit=1920%2C2560&ssl=1\" \/>\n\t<meta property=\"og:image:width\" content=\"1920\" \/>\n\t<meta property=\"og:image:height\" content=\"2560\" \/>\n\t<meta property=\"og:image:type\" content=\"image\/jpeg\" \/>\n<meta name=\"twitter:card\" content=\"summary_large_image\" \/>\n<meta name=\"twitter:label1\" content=\"Dur\u00e9e de lecture estim\u00e9e\" \/>\n\t<meta name=\"twitter:data1\" content=\"4 minutes\" \/>\n<script type=\"application\/ld+json\" class=\"yoast-schema-graph\">{\"@context\":\"https:\\\/\\\/schema.org\",\"@graph\":[{\"@type\":\"WebPage\",\"@id\":\"https:\\\/\\\/scandinavischelampen.nl\\\/fr\\\/produit\\\/design-light-suspension-modele-carina-3\\\/\",\"url\":\"https:\\\/\\\/scandinavischelampen.nl\\\/fr\\\/produit\\\/design-light-suspension-modele-carina-3\\\/\",\"name\":\"Suspension Design-Light mod\u00e8le Carina\",\"isPartOf\":{\"@id\":\"https:\\\/\\\/scandinavischelampen.nl\\\/fr\\\/#website\"},\"primaryImageOfPage\":{\"@id\":\"https:\\\/\\\/scandinavischelampen.nl\\\/fr\\\/produit\\\/design-light-suspension-modele-carina-3\\\/#primaryimage\"},\"image\":{\"@id\":\"https:\\\/\\\/scandinavischelampen.nl\\\/fr\\\/produit\\\/design-light-suspension-modele-carina-3\\\/#primaryimage\"},\"thumbnailUrl\":\"https:\\\/\\\/i0.wp.com\\\/scandinavischelampen.nl\\\/wp-content\\\/uploads\\\/2023\\\/07\\\/Lyfa--scaled.jpg?fit=1920%2C2560&ssl=1\",\"datePublished\":\"2023-07-28T07:41:32+00:00\",\"dateModified\":\"2024-06-24T21:04:18+00:00\",\"description\":\"Belle suspension vintage Design-Light mod\u00e8le Carina avec quatre couches s\u00e9par\u00e9es. Magnifique au-dessus d'une table \u00e0 manger, dans un salon et une chambre\",\"breadcrumb\":{\"@id\":\"https:\\\/\\\/scandinavischelampen.nl\\\/fr\\\/produit\\\/design-light-suspension-modele-carina-3\\\/#breadcrumb\"},\"inLanguage\":\"fr-FR\",\"potentialAction\":[{\"@type\":\"ReadAction\",\"target\":[\"https:\\\/\\\/scandinavischelampen.nl\\\/fr\\\/produit\\\/design-light-suspension-modele-carina-3\\\/\"]}]},{\"@type\":\"ImageObject\",\"inLanguage\":\"fr-FR\",\"@id\":\"https:\\\/\\\/scandinavischelampen.nl\\\/fr\\\/produit\\\/design-light-suspension-modele-carina-3\\\/#primaryimage\",\"url\":\"https:\\\/\\\/i0.wp.com\\\/scandinavischelampen.nl\\\/wp-content\\\/uploads\\\/2023\\\/07\\\/Lyfa--scaled.jpg?fit=1920%2C2560&ssl=1\",\"contentUrl\":\"https:\\\/\\\/i0.wp.com\\\/scandinavischelampen.nl\\\/wp-content\\\/uploads\\\/2023\\\/07\\\/Lyfa--scaled.jpg?fit=1920%2C2560&ssl=1\",\"width\":1920,\"height\":2560,\"caption\":\"Image de la suspension Design-Light mod\u00e8le Carina propos\u00e9e dans cette annonce.\"},{\"@type\":\"BreadcrumbList\",\"@id\":\"https:\\\/\\\/scandinavischelampen.nl\\\/fr\\\/produit\\\/design-light-suspension-modele-carina-3\\\/#breadcrumb\",\"itemListElement\":[{\"@type\":\"ListItem\",\"position\":1,\"name\":\"Home\",\"item\":\"https:\\\/\\\/scandinavischelampen.nl\\\/fr\\\/\"},{\"@type\":\"ListItem\",\"position\":2,\"name\":\"Boutique\",\"item\":\"https:\\\/\\\/scandinavischelampen.nl\\\/fr\\\/boutique\\\/\"},{\"@type\":\"ListItem\",\"position\":3,\"name\":\"Suspension Design-Light mod\u00e8le Carina\"}]},{\"@type\":\"WebSite\",\"@id\":\"https:\\\/\\\/scandinavischelampen.nl\\\/fr\\\/#website\",\"url\":\"https:\\\/\\\/scandinavischelampen.nl\\\/fr\\\/\",\"name\":\"Scandinavische Lampen\",\"description\":\"Luminaire design vintage\",\"publisher\":{\"@id\":\"https:\\\/\\\/scandinavischelampen.nl\\\/fr\\\/#organization\"},\"potentialAction\":[{\"@type\":\"SearchAction\",\"target\":{\"@type\":\"EntryPoint\",\"urlTemplate\":\"https:\\\/\\\/scandinavischelampen.nl\\\/fr\\\/?s={search_term_string}\"},\"query-input\":{\"@type\":\"PropertyValueSpecification\",\"valueRequired\":true,\"valueName\":\"search_term_string\"}}],\"inLanguage\":\"fr-FR\"},{\"@type\":\"Organization\",\"@id\":\"https:\\\/\\\/scandinavischelampen.nl\\\/fr\\\/#organization\",\"name\":\"Scandinavische Lampen\",\"url\":\"https:\\\/\\\/scandinavischelampen.nl\\\/fr\\\/\",\"logo\":{\"@type\":\"ImageObject\",\"inLanguage\":\"fr-FR\",\"@id\":\"https:\\\/\\\/scandinavischelampen.nl\\\/fr\\\/#\\\/schema\\\/logo\\\/image\\\/\",\"url\":\"https:\\\/\\\/i0.wp.com\\\/scandinavischelampen.nl\\\/wp-content\\\/uploads\\\/2023\\\/07\\\/cropped-Scandinavische-lampen-logo-oranje-01-scaled.png?fit=4717%2C1570&ssl=1\",\"contentUrl\":\"https:\\\/\\\/i0.wp.com\\\/scandinavischelampen.nl\\\/wp-content\\\/uploads\\\/2023\\\/07\\\/cropped-Scandinavische-lampen-logo-oranje-01-scaled.png?fit=4717%2C1570&ssl=1\",\"width\":4717,\"height\":1570,\"caption\":\"Scandinavische Lampen\"},\"image\":{\"@id\":\"https:\\\/\\\/scandinavischelampen.nl\\\/fr\\\/#\\\/schema\\\/logo\\\/image\\\/\"},\"sameAs\":[\"https:\\\/\\\/www.facebook.com\\\/scandinavischelampen\\\/\",\"https:\\\/\\\/www.instagram.com\\\/scandinavische_lampen\\\/\"]}]}<\/script>\n<!-- \/ Yoast SEO plugin. -->","yoast_head_json":{"title":"Suspension Design-Light mod\u00e8le Carina","description":"Belle suspension vintage Design-Light mod\u00e8le Carina avec quatre couches s\u00e9par\u00e9es. Magnifique au-dessus d'une table \u00e0 manger, dans un salon et une chambre","robots":{"index":"index","follow":"follow","max-snippet":"max-snippet:-1","max-image-preview":"max-image-preview:large","max-video-preview":"max-video-preview:-1"},"canonical":"https:\/\/scandinavischelampen.nl\/fr\/produit\/design-light-suspension-modele-carina-3\/","og_locale":"fr_FR","og_type":"article","og_title":"Suspension Design-Light mod\u00e8le Carina","og_description":"Belle suspension vintage Design-Light mod\u00e8le Carina avec quatre couches s\u00e9par\u00e9es. Magnifique au-dessus d'une table \u00e0 manger, dans un salon et une chambre","og_url":"https:\/\/scandinavischelampen.nl\/fr\/produit\/design-light-suspension-modele-carina-3\/","og_site_name":"Lampes Scandinaves","article_publisher":"https:\/\/www.facebook.com\/scandinavischelampen\/","article_modified_time":"2024-06-24T21:04:18+00:00","og_image":[{"width":1920,"height":2560,"url":"https:\/\/i0.wp.com\/scandinavischelampen.nl\/wp-content\/uploads\/2023\/07\/Lyfa--scaled.jpg?fit=1920%2C2560&ssl=1","type":"image\/jpeg"}],"twitter_card":"summary_large_image","twitter_misc":{"Dur\u00e9e de lecture estim\u00e9e":"4 minutes"},"schema":{"@context":"https:\/\/schema.org","@graph":[{"@type":"WebPage","@id":"https:\/\/scandinavischelampen.nl\/fr\/produit\/design-light-suspension-modele-carina-3\/","url":"https:\/\/scandinavischelampen.nl\/fr\/produit\/design-light-suspension-modele-carina-3\/","name":"Suspension Design-Light mod\u00e8le Carina","isPartOf":{"@id":"https:\/\/scandinavischelampen.nl\/fr\/#website"},"primaryImageOfPage":{"@id":"https:\/\/scandinavischelampen.nl\/fr\/produit\/design-light-suspension-modele-carina-3\/#primaryimage"},"image":{"@id":"https:\/\/scandinavischelampen.nl\/fr\/produit\/design-light-suspension-modele-carina-3\/#primaryimage"},"thumbnailUrl":"https:\/\/i0.wp.com\/scandinavischelampen.nl\/wp-content\/uploads\/2023\/07\/Lyfa--scaled.jpg?fit=1920%2C2560&ssl=1","datePublished":"2023-07-28T07:41:32+00:00","dateModified":"2024-06-24T21:04:18+00:00","description":"Belle suspension vintage Design-Light mod\u00e8le Carina avec quatre couches s\u00e9par\u00e9es. Magnifique au-dessus d'une table \u00e0 manger, dans un salon et une chambre","breadcrumb":{"@id":"https:\/\/scandinavischelampen.nl\/fr\/produit\/design-light-suspension-modele-carina-3\/#breadcrumb"},"inLanguage":"fr-FR","potentialAction":[{"@type":"ReadAction","target":["https:\/\/scandinavischelampen.nl\/fr\/produit\/design-light-suspension-modele-carina-3\/"]}]},{"@type":"ImageObject","inLanguage":"fr-FR","@id":"https:\/\/scandinavischelampen.nl\/fr\/produit\/design-light-suspension-modele-carina-3\/#primaryimage","url":"https:\/\/i0.wp.com\/scandinavischelampen.nl\/wp-content\/uploads\/2023\/07\/Lyfa--scaled.jpg?fit=1920%2C2560&ssl=1","contentUrl":"https:\/\/i0.wp.com\/scandinavischelampen.nl\/wp-content\/uploads\/2023\/07\/Lyfa--scaled.jpg?fit=1920%2C2560&ssl=1","width":1920,"height":2560,"caption":"Image de la suspension Design-Light mod\u00e8le Carina propos\u00e9e dans cette annonce."},{"@type":"BreadcrumbList","@id":"https:\/\/scandinavischelampen.nl\/fr\/produit\/design-light-suspension-modele-carina-3\/#breadcrumb","itemListElement":[{"@type":"ListItem","position":1,"name":"Home","item":"https:\/\/scandinavischelampen.nl\/fr\/"},{"@type":"ListItem","position":2,"name":"Boutique","item":"https:\/\/scandinavischelampen.nl\/fr\/boutique\/"},{"@type":"ListItem","position":3,"name":"Suspension Design-Light mod\u00e8le Carina"}]},{"@type":"WebSite","@id":"https:\/\/scandinavischelampen.nl\/fr\/#website","url":"https:\/\/scandinavischelampen.nl\/fr\/","name":"Scandinavische Lampen","description":"Luminaire design vintage","publisher":{"@id":"https:\/\/scandinavischelampen.nl\/fr\/#organization"},"potentialAction":[{"@type":"SearchAction","target":{"@type":"EntryPoint","urlTemplate":"https:\/\/scandinavischelampen.nl\/fr\/?s={search_term_string}"},"query-input":{"@type":"PropertyValueSpecification","valueRequired":true,"valueName":"search_term_string"}}],"inLanguage":"fr-FR"},{"@type":"Organization","@id":"https:\/\/scandinavischelampen.nl\/fr\/#organization","name":"Scandinavische Lampen","url":"https:\/\/scandinavischelampen.nl\/fr\/","logo":{"@type":"ImageObject","inLanguage":"fr-FR","@id":"https:\/\/scandinavischelampen.nl\/fr\/#\/schema\/logo\/image\/","url":"https:\/\/i0.wp.com\/scandinavischelampen.nl\/wp-content\/uploads\/2023\/07\/cropped-Scandinavische-lampen-logo-oranje-01-scaled.png?fit=4717%2C1570&ssl=1","contentUrl":"https:\/\/i0.wp.com\/scandinavischelampen.nl\/wp-content\/uploads\/2023\/07\/cropped-Scandinavische-lampen-logo-oranje-01-scaled.png?fit=4717%2C1570&ssl=1","width":4717,"height":1570,"caption":"Scandinavische Lampen"},"image":{"@id":"https:\/\/scandinavischelampen.nl\/fr\/#\/schema\/logo\/image\/"},"sameAs":["https:\/\/www.facebook.com\/scandinavischelampen\/","https:\/\/www.instagram.com\/scandinavische_lampen\/"]}]}},"uagb_featured_image_src":{"full":["https:\/\/i0.wp.com\/scandinavischelampen.nl\/wp-content\/uploads\/2023\/07\/Lyfa--scaled.jpg?fit=1920%2C2560&ssl=1",1920,2560,false],"thumbnail":["https:\/\/i0.wp.com\/scandinavischelampen.nl\/wp-content\/uploads\/2023\/07\/Lyfa--scaled.jpg?resize=150%2C150&ssl=1",150,150,true],"medium":["https:\/\/i0.wp.com\/scandinavischelampen.nl\/wp-content\/uploads\/2023\/07\/Lyfa--scaled.jpg?fit=225%2C300&ssl=1",225,300,true],"medium_large":["https:\/\/i0.wp.com\/scandinavischelampen.nl\/wp-content\/uploads\/2023\/07\/Lyfa--scaled.jpg?fit=768%2C1024&ssl=1",768,1024,true],"large":["https:\/\/i0.wp.com\/scandinavischelampen.nl\/wp-content\/uploads\/2023\/07\/Lyfa--scaled.jpg?fit=768%2C1024&ssl=1",768,1024,true],"1536x1536":["https:\/\/i0.wp.com\/scandinavischelampen.nl\/wp-content\/uploads\/2023\/07\/Lyfa--scaled.jpg?fit=1152%2C1536&ssl=1",1152,1536,true],"2048x2048":["https:\/\/i0.wp.com\/scandinavischelampen.nl\/wp-content\/uploads\/2023\/07\/Lyfa--scaled.jpg?fit=1536%2C2048&ssl=1",1536,2048,true],"woocommerce_thumbnail":["https:\/\/i0.wp.com\/scandinavischelampen.nl\/wp-content\/uploads\/2023\/07\/Lyfa--scaled.jpg?resize=300%2C300&ssl=1",300,300,true],"woocommerce_single":["https:\/\/i0.wp.com\/scandinavischelampen.nl\/wp-content\/uploads\/2023\/07\/Lyfa--scaled.jpg?fit=600%2C800&ssl=1",600,800,true],"woocommerce_gallery_thumbnail":["https:\/\/i0.wp.com\/scandinavischelampen.nl\/wp-content\/uploads\/2023\/07\/Lyfa--scaled.jpg?resize=100%2C100&ssl=1",100,100,true],"thaps-thumb-img":["https:\/\/i0.wp.com\/scandinavischelampen.nl\/wp-content\/uploads\/2023\/07\/Lyfa--scaled.jpg?resize=48%2C64&ssl=1",48,64,true]},"uagb_author_info":{"display_name":"administrator","author_link":"https:\/\/scandinavischelampen.nl\/fr\/author\/"},"uagb_comment_info":0,"uagb_excerpt":"\u221a Livraison gratuite en Europe d\u00e8s 350 \u20ac \u221a Command\u00e9 avant 16h00? G\u00e9n\u00e9ralement exp\u00e9di\u00e9 le m\u00eame jour \u221a 14 jours de r\u00e9flexion \u221a Convient pour les LED Hauteur : 20cm Diam\u00e8tre : 46 cm &nbsp;","jetpack_sharing_enabled":true,"_links":{"self":[{"href":"https:\/\/scandinavischelampen.nl\/fr\/wp-json\/wp\/v2\/product\/24098","targetHints":{"allow":["GET"]}}],"collection":[{"href":"https:\/\/scandinavischelampen.nl\/fr\/wp-json\/wp\/v2\/product"}],"about":[{"href":"https:\/\/scandinavischelampen.nl\/fr\/wp-json\/wp\/v2\/types\/product"}],"wp:featuredmedia":[{"embeddable":true,"href":"https:\/\/scandinavischelampen.nl\/fr\/wp-json\/wp\/v2\/media\/25321"}],"wp:attachment":[{"href":"https:\/\/scandinavischelampen.nl\/fr\/wp-json\/wp\/v2\/media?parent=24098"}],"wp:term":[{"taxonomy":"product_brand","embeddable":true,"href":"https:\/\/scandinavischelampen.nl\/fr\/wp-json\/wp\/v2\/product_brand?post=24098"},{"taxonomy":"product_cat","embeddable":true,"href":"https:\/\/scandinavischelampen.nl\/fr\/wp-json\/wp\/v2\/product_cat?post=24098"},{"taxonomy":"product_tag","embeddable":true,"href":"https:\/\/scandinavischelampen.nl\/fr\/wp-json\/wp\/v2\/product_tag?post=24098"}],"curies":[{"name":"wp","href":"https:\/\/api.w.org\/{rel}","templated":true}]}}