{"id":21924,"date":"2023-02-02T21:57:16","date_gmt":"2023-02-02T20:57:16","guid":{"rendered":"https:\/\/v2.scandinavischelampen.nl\/visitez-notre-salle-dexposition\/"},"modified":"2026-02-28T20:07:14","modified_gmt":"2026-02-28T19:07:14","slug":"visite-notre-showroom","status":"publish","type":"page","link":"https:\/\/scandinavischelampen.nl\/fr\/visite-notre-showroom\/","title":{"rendered":"Visitez notre boutique : 300 m\u00b2 rempli d\u2019\u00e9clairage scandinave !"},"content":{"rendered":"\n<div class=\"wp-block-group alignfull has-background is-layout-constrained wp-block-group-is-layout-constrained\" style=\"background-color:#f5f1eb;margin-top:0;margin-bottom:0;padding-top:0;padding-bottom:0\">\n<div class=\"wp-block-cover alignfull is-light\" style=\"margin-top:0;min-height:373px;aspect-ratio:unset;\"><img data-recalc-dims=\"1\" loading=\"lazy\" decoding=\"async\" width=\"1024\" height=\"768\" class=\"wp-block-cover__image-background wp-image-60200 size-large\" alt=\"Afbeelding winkel Scandinavische lampen voor pagina winkel\" src=\"https:\/\/i0.wp.com\/scandinavischelampen.nl\/wp-content\/uploads\/2025\/10\/IMG_6980-2-kopie-2.jpg?resize=1024%2C768\" style=\"object-position:49% 20%\" data-object-fit=\"cover\" data-object-position=\"49% 20%\" srcset=\"https:\/\/i0.wp.com\/scandinavischelampen.nl\/wp-content\/uploads\/2025\/10\/IMG_6980-2-kopie-2-scaled.jpg?resize=1024%2C768&amp;ssl=1 1024w, https:\/\/i0.wp.com\/scandinavischelampen.nl\/wp-content\/uploads\/2025\/10\/IMG_6980-2-kopie-2-scaled.jpg?resize=300%2C225&amp;ssl=1 300w, https:\/\/i0.wp.com\/scandinavischelampen.nl\/wp-content\/uploads\/2025\/10\/IMG_6980-2-kopie-2-scaled.jpg?resize=768%2C576&amp;ssl=1 768w, https:\/\/i0.wp.com\/scandinavischelampen.nl\/wp-content\/uploads\/2025\/10\/IMG_6980-2-kopie-2-scaled.jpg?resize=1536%2C1152&amp;ssl=1 1536w, https:\/\/i0.wp.com\/scandinavischelampen.nl\/wp-content\/uploads\/2025\/10\/IMG_6980-2-kopie-2-scaled.jpg?resize=2048%2C1536&amp;ssl=1 2048w, https:\/\/i0.wp.com\/scandinavischelampen.nl\/wp-content\/uploads\/2025\/10\/IMG_6980-2-kopie-2-scaled.jpg?resize=600%2C450&amp;ssl=1 600w, https:\/\/i0.wp.com\/scandinavischelampen.nl\/wp-content\/uploads\/2025\/10\/IMG_6980-2-kopie-2-scaled.jpg?resize=48%2C36&amp;ssl=1 48w\" sizes=\"auto, (max-width: 1000px) 100vw, 1000px\" \/><span aria-hidden=\"true\" class=\"wp-block-cover__background has-black-background-color has-background-dim-0 has-background-dim\"><\/span><div class=\"wp-block-cover__inner-container is-layout-flow wp-block-cover-is-layout-flow\">\n<div style=\"height:50px\" aria-hidden=\"true\" class=\"wp-block-spacer\"><\/div>\n<\/div><\/div>\n\n\n\n<div class=\"wp-block-group alignfull is-layout-constrained wp-container-core-group-is-layout-46adb626 wp-block-group-is-layout-constrained\" style=\"padding-top:0;padding-right:var(--wp--preset--spacing--30);padding-bottom:var(--wp--preset--spacing--40);padding-left:var(--wp--preset--spacing--30)\">\n<h2 class=\"wp-block-heading has-text-align-center has-text-color has-link-color wp-elements-ef4d897691d2fc3fcf667c1db8de336d\" style=\"color:#2b2b2b;padding-top:var(--wp--preset--spacing--30);padding-bottom:var(--wp--preset--spacing--20)\">Visitez notre boutique<\/h2>\n\n\n\n<p class=\"has-text-align-center has-text-color has-link-color wp-elements-792fc9882ffec311e7a80e075ff4f905\" style=\"color:#444444;margin-top:0;margin-bottom:0;padding-top:0;padding-bottom:0\">D\u00e9couvrez nos lampes vintage et nos inspirations pour la maison en vrai<\/p>\n\n\n\n<div class=\"wp-block-uagb-buttons uagb-buttons__outer-wrap uagb-btn__default-btn uagb-btn-tablet__default-btn uagb-btn-mobile__default-btn uagb-block-fc8bf158\"><div class=\"uagb-buttons__wrap uagb-buttons-layout-wrap \">\n<div class=\"wp-block-uagb-buttons-child uagb-buttons__outer-wrap uagb-block-4cc35e42 wp-block-button\"><div class=\"uagb-button__wrapper\"><a class=\"uagb-buttons-repeater wp-block-button__link\" aria-label=\"\" href=\"#\" rel=\"follow noopener\" target=\"_self\" role=\"button\"><div class=\"uagb-button__link\">Plan je bezoek<\/div><\/a><\/div><\/div>\n<\/div><\/div>\n<\/div>\n<\/div>\n\n\n\n<div class=\"wp-block-columns is-not-stacked-on-mobile has-background uag-hide-mob is-layout-flex wp-container-core-columns-is-layout-0ad4158a wp-block-columns-is-layout-flex\" style=\"border-top-left-radius:40px;border-top-right-radius:0px;border-bottom-right-radius:40px;background-color:#96632c6b;margin-top:var(--wp--preset--spacing--40);margin-bottom:var(--wp--preset--spacing--40);padding-top:var(--wp--preset--spacing--60);padding-bottom:var(--wp--preset--spacing--50)\">\n<div class=\"wp-block-column is-layout-flow wp-container-core-column-is-layout-be95e8ed wp-block-column-is-layout-flow\" style=\"padding-top:0\">      \n\t\t\t<div class=\"uagb-icon-wrapper uagb-block-58f5f4c9      \"\n\t\t\tstyle=\"\" >\n\t\t\t\t\t\t\t\t\t<span class=\"uagb-svg-wrapper\" \n\t\t\t\t\t aria-label=\"user\"\t\t\t\t\ttabindex=\"0\">\t\t\n\t\t\t\t\t\t\t\t\t\t<svg xmlns=\"https:\/\/www.w3.org\/2000\/svg\" viewBox= \"0 0 448 512\" role=\"graphics-symbol\" aria-hidden=\"false\" aria-label=\"\"><path d=\"M224 256c70.7 0 128-57.31 128-128s-57.3-128-128-128C153.3 0 96 57.31 96 128S153.3 256 224 256zM274.7 304H173.3C77.61 304 0 381.6 0 477.3c0 19.14 15.52 34.67 34.66 34.67h378.7C432.5 512 448 496.5 448 477.3C448 381.6 370.4 304 274.7 304z\"><\/path><\/svg>\n\t\t\t\t\t\t\t\t\t<\/span>\n\t\t\t\t\t\t\t<\/div>\n\t\t\t\n\n\n<p class=\"has-text-align-center has-text-color has-link-color wp-elements-abd15383bba7ce4cd85dc637dc2d388c\" style=\"color:#444444\">Conseils personnels en magasin<\/p>\n<\/div>\n\n\n\n<div class=\"wp-block-column is-layout-flow wp-container-core-column-is-layout-8a368f38 wp-block-column-is-layout-flow\">      \n\t\t\t<div class=\"uagb-icon-wrapper uagb-block-fcb3c4ca      \"\n\t\t\tstyle=\"\" >\n\t\t\t\t\t\t\t\t\t<span class=\"uagb-svg-wrapper\" \n\t\t\t\t\t aria-label=\"lightbulb\"\t\t\t\t\ttabindex=\"0\">\t\t\n\t\t\t\t\t\t\t\t\t\t<svg xmlns=\"https:\/\/www.w3.org\/2000\/svg\" viewBox= \"0 0 384 512\" role=\"graphics-symbol\" aria-hidden=\"false\" aria-label=\"\"><path d=\"M112.1 454.3c0 6.297 1.816 12.44 5.284 17.69l17.14 25.69c5.25 7.875 17.17 14.28 26.64 14.28h61.67c9.438 0 21.36-6.401 26.61-14.28l17.08-25.68c2.938-4.438 5.348-12.37 5.348-17.7L272 415.1h-160L112.1 454.3zM191.4 .0132C89.44 .3257 16 82.97 16 175.1c0 44.38 16.44 84.84 43.56 115.8c16.53 18.84 42.34 58.23 52.22 91.45c.0313 .25 .0938 .5166 .125 .7823h160.2c.0313-.2656 .0938-.5166 .125-.7823c9.875-33.22 35.69-72.61 52.22-91.45C351.6 260.8 368 220.4 368 175.1C368 78.61 288.9-.2837 191.4 .0132zM192 96.01c-44.13 0-80 35.89-80 79.1C112 184.8 104.8 192 96 192S80 184.8 80 176c0-61.76 50.25-111.1 112-111.1c8.844 0 16 7.159 16 16S200.8 96.01 192 96.01z\"><\/path><\/svg>\n\t\t\t\t\t\t\t\t\t<\/span>\n\t\t\t\t\t\t\t<\/div>\n\t\t\t\n\n\n<p class=\"has-text-align-center has-text-color has-link-color wp-elements-ac5b3d739ecaf60de0f7472a04e2580e\" style=\"color:#444444\">Voir toutes les lumi\u00e8res dans la vraie vie<\/p>\n<\/div>\n\n\n\n<div class=\"wp-block-column is-layout-flow wp-container-core-column-is-layout-8a368f38 wp-block-column-is-layout-flow\">      \n\t\t\t<div class=\"uagb-icon-wrapper uagb-block-43a193ae      \"\n\t\t\tstyle=\"\" >\n\t\t\t\t\t\t\t\t\t<span class=\"uagb-svg-wrapper\" \n\t\t\t\t\t aria-label=\"square-parking\"\t\t\t\t\ttabindex=\"0\">\t\t\n\t\t\t\t\t\t\t\t\t\t<svg xmlns=\"https:\/\/www.w3.org\/2000\/svg\" viewBox= \"0 0 448 512\" role=\"graphics-symbol\" aria-hidden=\"false\" aria-label=\"\"><path d=\"M192 256V192H240C257.7 192 272 206.3 272 224C272 241.7 257.7 256 240 256H192zM384 32C419.3 32 448 60.65 448 96V416C448 451.3 419.3 480 384 480H64C28.65 480 0 451.3 0 416V96C0 60.65 28.65 32 64 32H384zM336 224C336 170.1 293 128 240 128H168C145.9 128 128 145.9 128 168V352C128 369.7 142.3 384 160 384C177.7 384 192 369.7 192 352V320H240C293 320 336 277 336 224z\"><\/path><\/svg>\n\t\t\t\t\t\t\t\t\t<\/span>\n\t\t\t\t\t\t\t<\/div>\n\t\t\t\n\n\n<p class=\"has-text-align-center has-text-color has-link-color wp-elements-8038dab47985051357e752ebd31b2a3b\" style=\"color:#444444\">Places de stationnement disponibles<\/p>\n<\/div>\n<\/div>\n\n\n\n<div class=\"wp-block-columns is-not-stacked-on-mobile has-background uag-hide-desktop uag-hide-tab is-layout-flex wp-container-core-columns-is-layout-0ad4158a wp-block-columns-is-layout-flex\" style=\"border-top-left-radius:40px;border-top-right-radius:0px;border-bottom-right-radius:40px;background-color:#96632c6b;margin-top:var(--wp--preset--spacing--40);margin-bottom:var(--wp--preset--spacing--40);padding-top:var(--wp--preset--spacing--60);padding-bottom:var(--wp--preset--spacing--50)\">\n<div class=\"wp-block-column is-layout-flow wp-container-core-column-is-layout-be95e8ed wp-block-column-is-layout-flow\" style=\"padding-top:0\">      \n\t\t\t<div class=\"uagb-icon-wrapper uagb-block-47daf05f      \"\n\t\t\tstyle=\"\" >\n\t\t\t\t\t\t\t\t\t<span class=\"uagb-svg-wrapper\" \n\t\t\t\t\t aria-label=\"user\"\t\t\t\t\ttabindex=\"0\">\t\t\n\t\t\t\t\t\t\t\t\t\t<svg xmlns=\"https:\/\/www.w3.org\/2000\/svg\" viewBox= \"0 0 448 512\" role=\"graphics-symbol\" aria-hidden=\"false\" aria-label=\"\"><path d=\"M224 256c70.7 0 128-57.31 128-128s-57.3-128-128-128C153.3 0 96 57.31 96 128S153.3 256 224 256zM274.7 304H173.3C77.61 304 0 381.6 0 477.3c0 19.14 15.52 34.67 34.66 34.67h378.7C432.5 512 448 496.5 448 477.3C448 381.6 370.4 304 274.7 304z\"><\/path><\/svg>\n\t\t\t\t\t\t\t\t\t<\/span>\n\t\t\t\t\t\t\t<\/div>\n\t\t\t\n\n\n<p class=\"has-text-align-center has-text-color has-link-color wp-elements-abd15383bba7ce4cd85dc637dc2d388c\" style=\"color:#444444\">Conseils personnels en magasin<\/p>\n<\/div>\n\n\n\n<div class=\"wp-block-column is-layout-flow wp-container-core-column-is-layout-8a368f38 wp-block-column-is-layout-flow\">      \n\t\t\t<div class=\"uagb-icon-wrapper uagb-block-d5801f82      \"\n\t\t\tstyle=\"\" >\n\t\t\t\t\t\t\t\t\t<span class=\"uagb-svg-wrapper\" \n\t\t\t\t\t aria-label=\"lightbulb\"\t\t\t\t\ttabindex=\"0\">\t\t\n\t\t\t\t\t\t\t\t\t\t<svg xmlns=\"https:\/\/www.w3.org\/2000\/svg\" viewBox= \"0 0 384 512\" role=\"graphics-symbol\" aria-hidden=\"false\" aria-label=\"\"><path d=\"M112.1 454.3c0 6.297 1.816 12.44 5.284 17.69l17.14 25.69c5.25 7.875 17.17 14.28 26.64 14.28h61.67c9.438 0 21.36-6.401 26.61-14.28l17.08-25.68c2.938-4.438 5.348-12.37 5.348-17.7L272 415.1h-160L112.1 454.3zM191.4 .0132C89.44 .3257 16 82.97 16 175.1c0 44.38 16.44 84.84 43.56 115.8c16.53 18.84 42.34 58.23 52.22 91.45c.0313 .25 .0938 .5166 .125 .7823h160.2c.0313-.2656 .0938-.5166 .125-.7823c9.875-33.22 35.69-72.61 52.22-91.45C351.6 260.8 368 220.4 368 175.1C368 78.61 288.9-.2837 191.4 .0132zM192 96.01c-44.13 0-80 35.89-80 79.1C112 184.8 104.8 192 96 192S80 184.8 80 176c0-61.76 50.25-111.1 112-111.1c8.844 0 16 7.159 16 16S200.8 96.01 192 96.01z\"><\/path><\/svg>\n\t\t\t\t\t\t\t\t\t<\/span>\n\t\t\t\t\t\t\t<\/div>\n\t\t\t\n\n\n<p class=\"has-text-align-center has-text-color has-link-color wp-elements-ac5b3d739ecaf60de0f7472a04e2580e\" style=\"color:#444444\">Voir toutes les lumi\u00e8res dans la vraie vie<\/p>\n<\/div>\n\n\n\n<div class=\"wp-block-column is-layout-flow wp-container-core-column-is-layout-8a368f38 wp-block-column-is-layout-flow\">      \n\t\t\t<div class=\"uagb-icon-wrapper uagb-block-a19aebd1      \"\n\t\t\tstyle=\"\" >\n\t\t\t\t\t\t\t\t\t<span class=\"uagb-svg-wrapper\" \n\t\t\t\t\t aria-label=\"square-parking\"\t\t\t\t\ttabindex=\"0\">\t\t\n\t\t\t\t\t\t\t\t\t\t<svg xmlns=\"https:\/\/www.w3.org\/2000\/svg\" viewBox= \"0 0 448 512\" role=\"graphics-symbol\" aria-hidden=\"false\" aria-label=\"\"><path d=\"M192 256V192H240C257.7 192 272 206.3 272 224C272 241.7 257.7 256 240 256H192zM384 32C419.3 32 448 60.65 448 96V416C448 451.3 419.3 480 384 480H64C28.65 480 0 451.3 0 416V96C0 60.65 28.65 32 64 32H384zM336 224C336 170.1 293 128 240 128H168C145.9 128 128 145.9 128 168V352C128 369.7 142.3 384 160 384C177.7 384 192 369.7 192 352V320H240C293 320 336 277 336 224z\"><\/path><\/svg>\n\t\t\t\t\t\t\t\t\t<\/span>\n\t\t\t\t\t\t\t<\/div>\n\t\t\t\n\n\n<p class=\"has-text-align-center has-text-color has-link-color wp-elements-8038dab47985051357e752ebd31b2a3b\" style=\"color:#444444\">Places de stationnement disponibles<\/p>\n<\/div>\n<\/div>\n\n\n\n<div class=\"wp-block-columns is-not-stacked-on-mobile has-background uag-hide-mob is-layout-flex wp-container-core-columns-is-layout-f00831d8 wp-block-columns-is-layout-flex\" style=\"background-color:#f5f1eb;padding-top:var(--wp--preset--spacing--20);padding-bottom:var(--wp--preset--spacing--20)\">\n<div class=\"wp-block-column is-layout-flow wp-block-column-is-layout-flow\" style=\"flex-basis:33.33%\">\n<figure class=\"wp-block-image aligncenter size-large is-resized\"><img data-recalc-dims=\"1\" loading=\"lazy\" decoding=\"async\" width=\"768\" height=\"1024\" data-attachment-id=\"62858\" data-permalink=\"https:\/\/scandinavischelampen.nl\/fr\/visite-notre-showroom\/img_2240-2-kopie-2\/\" data-orig-file=\"https:\/\/i0.wp.com\/scandinavischelampen.nl\/wp-content\/uploads\/2026\/02\/IMG_2240-2-kopie-scaled.jpg?fit=1920%2C2560&amp;ssl=1\" data-orig-size=\"1920,2560\" data-comments-opened=\"1\" data-image-meta=\"{&quot;aperture&quot;:&quot;1.78&quot;,&quot;credit&quot;:&quot;&quot;,&quot;camera&quot;:&quot;iPhone 14 Pro&quot;,&quot;caption&quot;:&quot;&quot;,&quot;created_timestamp&quot;:&quot;1772116487&quot;,&quot;copyright&quot;:&quot;&quot;,&quot;focal_length&quot;:&quot;6.86&quot;,&quot;iso&quot;:&quot;80&quot;,&quot;shutter_speed&quot;:&quot;0.0026315789473684&quot;,&quot;title&quot;:&quot;&quot;,&quot;orientation&quot;:&quot;1&quot;}\" data-image-title=\"IMG_2240 2 kopie\" data-image-description=\"\" data-image-caption=\"\" data-large-file=\"https:\/\/i0.wp.com\/scandinavischelampen.nl\/wp-content\/uploads\/2026\/02\/IMG_2240-2-kopie-scaled.jpg?fit=768%2C1024&amp;ssl=1\" src=\"https:\/\/i0.wp.com\/scandinavischelampen.nl\/wp-content\/uploads\/2026\/02\/IMG_2240-2-kopie.jpg?resize=768%2C1024\" alt=\"Sfeerfoto Etalage Scandinavische Lampen\" class=\"wp-image-62858\" style=\"width:auto;height:350px\" srcset=\"https:\/\/i0.wp.com\/scandinavischelampen.nl\/wp-content\/uploads\/2026\/02\/IMG_2240-2-kopie-scaled.jpg?resize=768%2C1024&amp;ssl=1 768w, https:\/\/i0.wp.com\/scandinavischelampen.nl\/wp-content\/uploads\/2026\/02\/IMG_2240-2-kopie-scaled.jpg?resize=225%2C300&amp;ssl=1 225w, https:\/\/i0.wp.com\/scandinavischelampen.nl\/wp-content\/uploads\/2026\/02\/IMG_2240-2-kopie-scaled.jpg?resize=1152%2C1536&amp;ssl=1 1152w, https:\/\/i0.wp.com\/scandinavischelampen.nl\/wp-content\/uploads\/2026\/02\/IMG_2240-2-kopie-scaled.jpg?resize=1536%2C2048&amp;ssl=1 1536w, https:\/\/i0.wp.com\/scandinavischelampen.nl\/wp-content\/uploads\/2026\/02\/IMG_2240-2-kopie-scaled.jpg?resize=600%2C800&amp;ssl=1 600w, https:\/\/i0.wp.com\/scandinavischelampen.nl\/wp-content\/uploads\/2026\/02\/IMG_2240-2-kopie-scaled.jpg?resize=48%2C64&amp;ssl=1 48w, https:\/\/i0.wp.com\/scandinavischelampen.nl\/wp-content\/uploads\/2026\/02\/IMG_2240-2-kopie-scaled.jpg?w=1920&amp;ssl=1 1920w\" sizes=\"auto, (max-width: 768px) 100vw, 768px\" \/><\/figure>\n<\/div>\n\n\n\n<div class=\"wp-block-column is-layout-flow wp-block-column-is-layout-flow\" style=\"flex-basis:66.66%\">\n<figure class=\"wp-block-image aligncenter size-large is-resized\"><img data-recalc-dims=\"1\" loading=\"lazy\" decoding=\"async\" width=\"1024\" height=\"768\" data-attachment-id=\"62853\" data-permalink=\"https:\/\/scandinavischelampen.nl\/fr\/visite-notre-showroom\/img_2251-2-kopie-2\/\" data-orig-file=\"https:\/\/i0.wp.com\/scandinavischelampen.nl\/wp-content\/uploads\/2026\/02\/IMG_2251-2-kopie-scaled.jpg?fit=2560%2C1920&amp;ssl=1\" data-orig-size=\"2560,1920\" data-comments-opened=\"1\" data-image-meta=\"{&quot;aperture&quot;:&quot;2.2&quot;,&quot;credit&quot;:&quot;&quot;,&quot;camera&quot;:&quot;iPhone 14 Pro&quot;,&quot;caption&quot;:&quot;&quot;,&quot;created_timestamp&quot;:&quot;1772116592&quot;,&quot;copyright&quot;:&quot;&quot;,&quot;focal_length&quot;:&quot;2.22&quot;,&quot;iso&quot;:&quot;100&quot;,&quot;shutter_speed&quot;:&quot;0.01&quot;,&quot;title&quot;:&quot;&quot;,&quot;orientation&quot;:&quot;1&quot;}\" data-image-title=\"IMG_2251 2 kopie\" data-image-description=\"\" data-image-caption=\"\" data-large-file=\"https:\/\/i0.wp.com\/scandinavischelampen.nl\/wp-content\/uploads\/2026\/02\/IMG_2251-2-kopie-scaled.jpg?fit=1024%2C768&amp;ssl=1\" src=\"https:\/\/i0.wp.com\/scandinavischelampen.nl\/wp-content\/uploads\/2026\/02\/IMG_2251-2-kopie.jpg?resize=1024%2C768\" alt=\"Sfeerfoto Winkel de Aarhof\" class=\"wp-image-62853\" style=\"object-fit:cover;width:600px;height:350px\" srcset=\"https:\/\/i0.wp.com\/scandinavischelampen.nl\/wp-content\/uploads\/2026\/02\/IMG_2251-2-kopie-scaled.jpg?resize=1024%2C768&amp;ssl=1 1024w, https:\/\/i0.wp.com\/scandinavischelampen.nl\/wp-content\/uploads\/2026\/02\/IMG_2251-2-kopie-scaled.jpg?resize=300%2C225&amp;ssl=1 300w, https:\/\/i0.wp.com\/scandinavischelampen.nl\/wp-content\/uploads\/2026\/02\/IMG_2251-2-kopie-scaled.jpg?resize=768%2C576&amp;ssl=1 768w, https:\/\/i0.wp.com\/scandinavischelampen.nl\/wp-content\/uploads\/2026\/02\/IMG_2251-2-kopie-scaled.jpg?resize=1536%2C1152&amp;ssl=1 1536w, https:\/\/i0.wp.com\/scandinavischelampen.nl\/wp-content\/uploads\/2026\/02\/IMG_2251-2-kopie-scaled.jpg?resize=2048%2C1536&amp;ssl=1 2048w, https:\/\/i0.wp.com\/scandinavischelampen.nl\/wp-content\/uploads\/2026\/02\/IMG_2251-2-kopie-scaled.jpg?resize=600%2C450&amp;ssl=1 600w, https:\/\/i0.wp.com\/scandinavischelampen.nl\/wp-content\/uploads\/2026\/02\/IMG_2251-2-kopie-scaled.jpg?resize=48%2C36&amp;ssl=1 48w\" sizes=\"auto, (max-width: 1000px) 100vw, 1000px\" \/><\/figure>\n<\/div>\n<\/div>\n\n\n\n<figure class=\"wp-block-image aligncenter size-large\"><img data-recalc-dims=\"1\" loading=\"lazy\" decoding=\"async\" width=\"1024\" height=\"768\" data-attachment-id=\"62862\" data-permalink=\"https:\/\/scandinavischelampen.nl\/fr\/visite-notre-showroom\/img_2236-2-kopie-2\/\" data-orig-file=\"https:\/\/i0.wp.com\/scandinavischelampen.nl\/wp-content\/uploads\/2026\/02\/IMG_2236-2-kopie-scaled.jpg?fit=2560%2C1920&amp;ssl=1\" data-orig-size=\"2560,1920\" data-comments-opened=\"1\" data-image-meta=\"{&quot;aperture&quot;:&quot;1.78&quot;,&quot;credit&quot;:&quot;&quot;,&quot;camera&quot;:&quot;iPhone 14 Pro&quot;,&quot;caption&quot;:&quot;&quot;,&quot;created_timestamp&quot;:&quot;1772116429&quot;,&quot;copyright&quot;:&quot;&quot;,&quot;focal_length&quot;:&quot;6.86&quot;,&quot;iso&quot;:&quot;50&quot;,&quot;shutter_speed&quot;:&quot;0.0094339622641509&quot;,&quot;title&quot;:&quot;&quot;,&quot;orientation&quot;:&quot;1&quot;}\" data-image-title=\"IMG_2236 2 kopie\" data-image-description=\"\" data-image-caption=\"\" data-large-file=\"https:\/\/i0.wp.com\/scandinavischelampen.nl\/wp-content\/uploads\/2026\/02\/IMG_2236-2-kopie-scaled.jpg?fit=1024%2C768&amp;ssl=1\" src=\"https:\/\/i0.wp.com\/scandinavischelampen.nl\/wp-content\/uploads\/2026\/02\/IMG_2236-2-kopie.jpg?resize=1024%2C768\" alt=\"Sfeerfoto Winkel Scandinavische Lampen in de Aarhof\" class=\"wp-image-62862\" style=\"object-fit:cover\" srcset=\"https:\/\/i0.wp.com\/scandinavischelampen.nl\/wp-content\/uploads\/2026\/02\/IMG_2236-2-kopie-scaled.jpg?resize=1024%2C768&amp;ssl=1 1024w, https:\/\/i0.wp.com\/scandinavischelampen.nl\/wp-content\/uploads\/2026\/02\/IMG_2236-2-kopie-scaled.jpg?resize=300%2C225&amp;ssl=1 300w, https:\/\/i0.wp.com\/scandinavischelampen.nl\/wp-content\/uploads\/2026\/02\/IMG_2236-2-kopie-scaled.jpg?resize=768%2C576&amp;ssl=1 768w, https:\/\/i0.wp.com\/scandinavischelampen.nl\/wp-content\/uploads\/2026\/02\/IMG_2236-2-kopie-scaled.jpg?resize=1536%2C1152&amp;ssl=1 1536w, https:\/\/i0.wp.com\/scandinavischelampen.nl\/wp-content\/uploads\/2026\/02\/IMG_2236-2-kopie-scaled.jpg?resize=2048%2C1536&amp;ssl=1 2048w, https:\/\/i0.wp.com\/scandinavischelampen.nl\/wp-content\/uploads\/2026\/02\/IMG_2236-2-kopie-scaled.jpg?resize=600%2C450&amp;ssl=1 600w, https:\/\/i0.wp.com\/scandinavischelampen.nl\/wp-content\/uploads\/2026\/02\/IMG_2236-2-kopie-scaled.jpg?resize=48%2C36&amp;ssl=1 48w\" sizes=\"auto, (max-width: 1000px) 100vw, 1000px\" \/><\/figure>\n\n\n\n<div class=\"wp-block-columns is-not-stacked-on-mobile has-background uag-hide-mob is-layout-flex wp-container-core-columns-is-layout-ba80c395 wp-block-columns-is-layout-flex\" style=\"background-color:#f5f1eb;margin-top:var(--wp--preset--spacing--30);margin-bottom:var(--wp--preset--spacing--30);padding-top:0;padding-bottom:0\">\n<div class=\"wp-block-column is-layout-flow wp-block-column-is-layout-flow\">      \n\t\t\t<div class=\"uagb-icon-wrapper uagb-block-64eec8df      \"\n\t\t\tstyle=\"\" >\n\t\t\t\t\t\t\t\t\t<span class=\"uagb-svg-wrapper\" \n\t\t\t\t\t aria-label=\"route\"\t\t\t\t\ttabindex=\"0\">\t\t\n\t\t\t\t\t\t\t\t\t\t<svg xmlns=\"https:\/\/www.w3.org\/2000\/svg\" viewBox= \"0 0 512 512\" role=\"graphics-symbol\" aria-hidden=\"false\" aria-label=\"\"><path d=\"M320 256C302.3 256 288 270.3 288 288C288 305.7 302.3 320 320 320H416C469 320 512 362.1 512 416C512 469 469 512 416 512H139.6C148.3 502.1 158.9 489.4 169.6 475.2C175.9 466.8 182.4 457.6 188.6 448H416C433.7 448 448 433.7 448 416C448 398.3 433.7 384 416 384H320C266.1 384 223.1 341 223.1 288C223.1 234.1 266.1 192 320 192H362.1C340.2 161.5 320 125.4 320 96C320 42.98 362.1 0 416 0C469 0 512 42.98 512 96C512 160 416 256 416 256H320zM416 128C433.7 128 448 113.7 448 96C448 78.33 433.7 64 416 64C398.3 64 384 78.33 384 96C384 113.7 398.3 128 416 128zM118.3 487.8C118.1 488 117.9 488.2 117.7 488.4C113.4 493.4 109.5 497.7 106.3 501.2C105.9 501.6 105.5 502 105.2 502.4C99.5 508.5 96 512 96 512C96 512 0 416 0 352C0 298.1 42.98 255.1 96 255.1C149 255.1 192 298.1 192 352C192 381.4 171.8 417.5 149.9 448C138.1 463.2 127.7 476.9 118.3 487.8L118.3 487.8zM95.1 384C113.7 384 127.1 369.7 127.1 352C127.1 334.3 113.7 320 95.1 320C78.33 320 63.1 334.3 63.1 352C63.1 369.7 78.33 384 95.1 384z\"><\/path><\/svg>\n\t\t\t\t\t\t\t\t\t<\/span>\n\t\t\t\t\t\t\t<\/div>\n\t\t\t\n\n\n<h2 class=\"wp-block-heading has-text-align-center has-text-color has-link-color wp-elements-704f81e81ca70a6da6bc6e7c058a59e0\" style=\"color:#2b2b2b\">Adresse et itin\u00e9raire<\/h2>\n\n\n\n<p class=\"has-text-align-center has-text-color has-link-color wp-elements-0f5cc4baeaf1c24278fd3e8b4343d8c0\" style=\"color:#444444\">De Aarhof 30-31<br>2406BT Alphen aan den Rijn<\/p>\n<\/div>\n\n\n\n<div class=\"wp-block-column is-layout-flow wp-block-column-is-layout-flow\">      \n\t\t\t<div class=\"uagb-icon-wrapper uagb-block-bbfb2d5c      \"\n\t\t\tstyle=\"\" >\n\t\t\t\t\t\t\t\t\t<span class=\"uagb-svg-wrapper\" \n\t\t\t\t\t aria-label=\"clock\"\t\t\t\t\ttabindex=\"0\">\t\t\n\t\t\t\t\t\t\t\t\t\t<svg xmlns=\"https:\/\/www.w3.org\/2000\/svg\" viewBox= \"0 0 512 512\" role=\"graphics-symbol\" aria-hidden=\"false\" aria-label=\"\"><path d=\"M256 512C114.6 512 0 397.4 0 256C0 114.6 114.6 0 256 0C397.4 0 512 114.6 512 256C512 397.4 397.4 512 256 512zM232 256C232 264 236 271.5 242.7 275.1L338.7 339.1C349.7 347.3 364.6 344.3 371.1 333.3C379.3 322.3 376.3 307.4 365.3 300L280 243.2V120C280 106.7 269.3 96 255.1 96C242.7 96 231.1 106.7 231.1 120L232 256z\"><\/path><\/svg>\n\t\t\t\t\t\t\t\t\t<\/span>\n\t\t\t\t\t\t\t<\/div>\n\t\t\t\n\n\n<h2 class=\"wp-block-heading has-text-align-center has-text-color has-link-color wp-elements-58956679b369819ec5d1dd75590076ef\" style=\"color:#2b2b2b\">Horaires d\u2019ouverture<\/h2>\n\n\n\n<p class=\"has-text-align-center has-text-color has-link-color wp-elements-0d9743b815e020053fbab0c1fa56c179\" style=\"color:#444444\">Du mercredi au samedi de 11h00 \u00e0 17h00<\/p>\n<\/div>\n\n\n\n<div class=\"wp-block-column is-layout-flow wp-block-column-is-layout-flow\">      \n\t\t\t<div class=\"uagb-icon-wrapper uagb-block-d299dc62      \"\n\t\t\tstyle=\"\" >\n\t\t\t\t\t\t\t\t\t<span class=\"uagb-svg-wrapper\" \n\t\t\t\t\t aria-label=\"square-parking\"\t\t\t\t\ttabindex=\"0\">\t\t\n\t\t\t\t\t\t\t\t\t\t<svg xmlns=\"https:\/\/www.w3.org\/2000\/svg\" viewBox= \"0 0 448 512\" role=\"graphics-symbol\" aria-hidden=\"false\" aria-label=\"\"><path d=\"M192 256V192H240C257.7 192 272 206.3 272 224C272 241.7 257.7 256 240 256H192zM384 32C419.3 32 448 60.65 448 96V416C448 451.3 419.3 480 384 480H64C28.65 480 0 451.3 0 416V96C0 60.65 28.65 32 64 32H384zM336 224C336 170.1 293 128 240 128H168C145.9 128 128 145.9 128 168V352C128 369.7 142.3 384 160 384C177.7 384 192 369.7 192 352V320H240C293 320 336 277 336 224z\"><\/path><\/svg>\n\t\t\t\t\t\t\t\t\t<\/span>\n\t\t\t\t\t\t\t<\/div>\n\t\t\t\n\n\n<h2 class=\"wp-block-heading has-text-align-center has-text-color has-link-color wp-elements-d60c2957161a510ea8ab2c9234d279e8\" style=\"color:#2b2b2b\">Stationnement<\/h2>\n\n\n\n<p class=\"has-text-align-center has-text-color has-link-color wp-elements-5ec23480d78c3586cfdd63c5de871f19\" style=\"color:#444444\">1,5 heure de parking gratuit sur le parking de Castellum<\/p>\n<\/div>\n<\/div>\n\n\n\n<div class=\"wp-block-columns is-not-stacked-on-mobile has-background uag-hide-desktop uag-hide-tab is-layout-flex wp-container-core-columns-is-layout-ba80c395 wp-block-columns-is-layout-flex\" style=\"background-color:#f5f1eb;margin-top:var(--wp--preset--spacing--30);margin-bottom:var(--wp--preset--spacing--30);padding-top:0;padding-bottom:0\">\n<div class=\"wp-block-column is-layout-flow wp-block-column-is-layout-flow\">      \n\t\t\t<div class=\"uagb-icon-wrapper uagb-block-c2c85d25      \"\n\t\t\tstyle=\"\" >\n\t\t\t\t\t\t\t\t\t<span class=\"uagb-svg-wrapper\" \n\t\t\t\t\t aria-label=\"route\"\t\t\t\t\ttabindex=\"0\">\t\t\n\t\t\t\t\t\t\t\t\t\t<svg xmlns=\"https:\/\/www.w3.org\/2000\/svg\" viewBox= \"0 0 512 512\" role=\"graphics-symbol\" aria-hidden=\"false\" aria-label=\"\"><path d=\"M320 256C302.3 256 288 270.3 288 288C288 305.7 302.3 320 320 320H416C469 320 512 362.1 512 416C512 469 469 512 416 512H139.6C148.3 502.1 158.9 489.4 169.6 475.2C175.9 466.8 182.4 457.6 188.6 448H416C433.7 448 448 433.7 448 416C448 398.3 433.7 384 416 384H320C266.1 384 223.1 341 223.1 288C223.1 234.1 266.1 192 320 192H362.1C340.2 161.5 320 125.4 320 96C320 42.98 362.1 0 416 0C469 0 512 42.98 512 96C512 160 416 256 416 256H320zM416 128C433.7 128 448 113.7 448 96C448 78.33 433.7 64 416 64C398.3 64 384 78.33 384 96C384 113.7 398.3 128 416 128zM118.3 487.8C118.1 488 117.9 488.2 117.7 488.4C113.4 493.4 109.5 497.7 106.3 501.2C105.9 501.6 105.5 502 105.2 502.4C99.5 508.5 96 512 96 512C96 512 0 416 0 352C0 298.1 42.98 255.1 96 255.1C149 255.1 192 298.1 192 352C192 381.4 171.8 417.5 149.9 448C138.1 463.2 127.7 476.9 118.3 487.8L118.3 487.8zM95.1 384C113.7 384 127.1 369.7 127.1 352C127.1 334.3 113.7 320 95.1 320C78.33 320 63.1 334.3 63.1 352C63.1 369.7 78.33 384 95.1 384z\"><\/path><\/svg>\n\t\t\t\t\t\t\t\t\t<\/span>\n\t\t\t\t\t\t\t<\/div>\n\t\t\t\n\n\n<h2 class=\"wp-block-heading has-text-align-center has-text-color has-link-color wp-elements-704f81e81ca70a6da6bc6e7c058a59e0\" style=\"color:#2b2b2b\">Adresse et itin\u00e9raire<\/h2>\n\n\n\n<p class=\"has-text-align-center\">De Aarhof 30-31<br>2406BT Alphen aan den Rijn<\/p>\n<\/div>\n<\/div>\n\n\n\n<div class=\"wp-block-columns is-not-stacked-on-mobile has-background uag-hide-desktop uag-hide-tab is-layout-flex wp-container-core-columns-is-layout-ba80c395 wp-block-columns-is-layout-flex\" style=\"background-color:#f5f1eb;margin-top:var(--wp--preset--spacing--30);margin-bottom:var(--wp--preset--spacing--30);padding-top:0;padding-bottom:0\">\n<div class=\"wp-block-column is-layout-flow wp-block-column-is-layout-flow\">      \n\t\t\t<div class=\"uagb-icon-wrapper uagb-block-cc48faa2      \"\n\t\t\tstyle=\"\" >\n\t\t\t\t\t\t\t\t\t<span class=\"uagb-svg-wrapper\" \n\t\t\t\t\t aria-label=\"clock\"\t\t\t\t\ttabindex=\"0\">\t\t\n\t\t\t\t\t\t\t\t\t\t<svg xmlns=\"https:\/\/www.w3.org\/2000\/svg\" viewBox= \"0 0 512 512\" role=\"graphics-symbol\" aria-hidden=\"false\" aria-label=\"\"><path d=\"M256 512C114.6 512 0 397.4 0 256C0 114.6 114.6 0 256 0C397.4 0 512 114.6 512 256C512 397.4 397.4 512 256 512zM232 256C232 264 236 271.5 242.7 275.1L338.7 339.1C349.7 347.3 364.6 344.3 371.1 333.3C379.3 322.3 376.3 307.4 365.3 300L280 243.2V120C280 106.7 269.3 96 255.1 96C242.7 96 231.1 106.7 231.1 120L232 256z\"><\/path><\/svg>\n\t\t\t\t\t\t\t\t\t<\/span>\n\t\t\t\t\t\t\t<\/div>\n\t\t\t\n\n\n<h2 class=\"wp-block-heading has-text-align-center has-text-color has-link-color wp-elements-58956679b369819ec5d1dd75590076ef\" style=\"color:#2b2b2b\">Horaires d\u2019ouverture<\/h2>\n\n\n\n<p class=\"has-text-align-center has-text-color has-link-color wp-elements-0d9743b815e020053fbab0c1fa56c179\" style=\"color:#444444\">Du mercredi au samedi de 11h00 \u00e0 17h00<\/p>\n<\/div>\n<\/div>\n\n\n\n<div class=\"wp-block-columns is-not-stacked-on-mobile has-background uag-hide-desktop uag-hide-tab is-layout-flex wp-container-core-columns-is-layout-ba80c395 wp-block-columns-is-layout-flex\" style=\"background-color:#f5f1eb;margin-top:var(--wp--preset--spacing--30);margin-bottom:var(--wp--preset--spacing--30);padding-top:0;padding-bottom:0\">\n<div class=\"wp-block-column is-layout-flow wp-block-column-is-layout-flow\">      \n\t\t\t<div class=\"uagb-icon-wrapper uagb-block-da11a3bb      \"\n\t\t\tstyle=\"\" >\n\t\t\t\t\t\t\t\t\t<span class=\"uagb-svg-wrapper\" \n\t\t\t\t\t aria-label=\"square-parking\"\t\t\t\t\ttabindex=\"0\">\t\t\n\t\t\t\t\t\t\t\t\t\t<svg xmlns=\"https:\/\/www.w3.org\/2000\/svg\" viewBox= \"0 0 448 512\" role=\"graphics-symbol\" aria-hidden=\"false\" aria-label=\"\"><path d=\"M192 256V192H240C257.7 192 272 206.3 272 224C272 241.7 257.7 256 240 256H192zM384 32C419.3 32 448 60.65 448 96V416C448 451.3 419.3 480 384 480H64C28.65 480 0 451.3 0 416V96C0 60.65 28.65 32 64 32H384zM336 224C336 170.1 293 128 240 128H168C145.9 128 128 145.9 128 168V352C128 369.7 142.3 384 160 384C177.7 384 192 369.7 192 352V320H240C293 320 336 277 336 224z\"><\/path><\/svg>\n\t\t\t\t\t\t\t\t\t<\/span>\n\t\t\t\t\t\t\t<\/div>\n\t\t\t\n\n\n<h2 class=\"wp-block-heading has-text-align-center has-text-color has-link-color wp-elements-d60c2957161a510ea8ab2c9234d279e8\" style=\"color:#2b2b2b\">Stationnement<\/h2>\n\n\n\n<p class=\"has-text-align-center has-text-color has-link-color wp-elements-5ec23480d78c3586cfdd63c5de871f19\" style=\"color:#444444\">1,5 heure de parking gratuit sur le parking de Castellum<\/p>\n<\/div>\n<\/div>\n\n\n\n<div class=\"wp-block-columns is-not-stacked-on-mobile has-background is-layout-flex wp-container-core-columns-is-layout-ec2e7a44 wp-block-columns-is-layout-flex\" style=\"background-color:#f5f1eb;padding-top:0;padding-bottom:0\">\n<div class=\"wp-block-column is-layout-flow wp-block-column-is-layout-flow\" style=\"flex-basis:50%\">\n<figure class=\"wp-block-image size-large\"><img data-recalc-dims=\"1\" loading=\"lazy\" decoding=\"async\" width=\"1024\" height=\"745\" data-attachment-id=\"62866\" data-permalink=\"https:\/\/scandinavischelampen.nl\/fr\/visite-notre-showroom\/img_2248-2-kopie-2\/\" data-orig-file=\"https:\/\/i0.wp.com\/scandinavischelampen.nl\/wp-content\/uploads\/2026\/02\/IMG_2248-2-kopie-scaled.jpg?fit=2560%2C1862&amp;ssl=1\" data-orig-size=\"2560,1862\" data-comments-opened=\"1\" data-image-meta=\"{&quot;aperture&quot;:&quot;2.2&quot;,&quot;credit&quot;:&quot;&quot;,&quot;camera&quot;:&quot;iPhone 14 Pro&quot;,&quot;caption&quot;:&quot;&quot;,&quot;created_timestamp&quot;:&quot;1772116582&quot;,&quot;copyright&quot;:&quot;&quot;,&quot;focal_length&quot;:&quot;2.22&quot;,&quot;iso&quot;:&quot;80&quot;,&quot;shutter_speed&quot;:&quot;0.01&quot;,&quot;title&quot;:&quot;&quot;,&quot;orientation&quot;:&quot;1&quot;}\" data-image-title=\"IMG_2248 2 kopie\" data-image-description=\"\" data-image-caption=\"\" data-large-file=\"https:\/\/i0.wp.com\/scandinavischelampen.nl\/wp-content\/uploads\/2026\/02\/IMG_2248-2-kopie-scaled.jpg?fit=1024%2C745&amp;ssl=1\" src=\"https:\/\/i0.wp.com\/scandinavischelampen.nl\/wp-content\/uploads\/2026\/02\/IMG_2248-2-kopie.jpg?resize=1024%2C745\" alt=\"Sfeerfoto in de Winkel van Scandinavische Lampen in de Aarhof\" class=\"wp-image-62866\" srcset=\"https:\/\/i0.wp.com\/scandinavischelampen.nl\/wp-content\/uploads\/2026\/02\/IMG_2248-2-kopie-scaled.jpg?resize=1024%2C745&amp;ssl=1 1024w, https:\/\/i0.wp.com\/scandinavischelampen.nl\/wp-content\/uploads\/2026\/02\/IMG_2248-2-kopie-scaled.jpg?resize=300%2C218&amp;ssl=1 300w, https:\/\/i0.wp.com\/scandinavischelampen.nl\/wp-content\/uploads\/2026\/02\/IMG_2248-2-kopie-scaled.jpg?resize=768%2C558&amp;ssl=1 768w, https:\/\/i0.wp.com\/scandinavischelampen.nl\/wp-content\/uploads\/2026\/02\/IMG_2248-2-kopie-scaled.jpg?resize=1536%2C1117&amp;ssl=1 1536w, https:\/\/i0.wp.com\/scandinavischelampen.nl\/wp-content\/uploads\/2026\/02\/IMG_2248-2-kopie-scaled.jpg?resize=2048%2C1489&amp;ssl=1 2048w, https:\/\/i0.wp.com\/scandinavischelampen.nl\/wp-content\/uploads\/2026\/02\/IMG_2248-2-kopie-scaled.jpg?resize=600%2C436&amp;ssl=1 600w, https:\/\/i0.wp.com\/scandinavischelampen.nl\/wp-content\/uploads\/2026\/02\/IMG_2248-2-kopie-scaled.jpg?resize=48%2C35&amp;ssl=1 48w\" sizes=\"auto, (max-width: 1000px) 100vw, 1000px\" \/><\/figure>\n<\/div>\n\n\n\n<div class=\"wp-block-column is-layout-flow wp-block-column-is-layout-flow\" style=\"flex-basis:50%\">\n<figure class=\"wp-block-image size-large\"><img data-recalc-dims=\"1\" loading=\"lazy\" decoding=\"async\" width=\"1024\" height=\"768\" data-attachment-id=\"62870\" data-permalink=\"https:\/\/scandinavischelampen.nl\/fr\/visite-notre-showroom\/img_2242-2-kopie-2\/\" data-orig-file=\"https:\/\/i0.wp.com\/scandinavischelampen.nl\/wp-content\/uploads\/2026\/02\/IMG_2242-2-kopie-scaled.jpg?fit=2560%2C1920&amp;ssl=1\" data-orig-size=\"2560,1920\" data-comments-opened=\"1\" data-image-meta=\"{&quot;aperture&quot;:&quot;1.78&quot;,&quot;credit&quot;:&quot;&quot;,&quot;camera&quot;:&quot;iPhone 14 Pro&quot;,&quot;caption&quot;:&quot;&quot;,&quot;created_timestamp&quot;:&quot;1772116500&quot;,&quot;copyright&quot;:&quot;&quot;,&quot;focal_length&quot;:&quot;6.86&quot;,&quot;iso&quot;:&quot;64&quot;,&quot;shutter_speed&quot;:&quot;0.0064935064935065&quot;,&quot;title&quot;:&quot;&quot;,&quot;orientation&quot;:&quot;1&quot;}\" data-image-title=\"IMG_2242 2 kopie\" data-image-description=\"\" data-image-caption=\"\" data-large-file=\"https:\/\/i0.wp.com\/scandinavischelampen.nl\/wp-content\/uploads\/2026\/02\/IMG_2242-2-kopie-scaled.jpg?fit=1024%2C768&amp;ssl=1\" src=\"https:\/\/i0.wp.com\/scandinavischelampen.nl\/wp-content\/uploads\/2026\/02\/IMG_2242-2-kopie.jpg?resize=1024%2C768\" alt=\"Sfeerfoto Winkel Scandinavische Lampen in de Aarhof\" class=\"wp-image-62870\" srcset=\"https:\/\/i0.wp.com\/scandinavischelampen.nl\/wp-content\/uploads\/2026\/02\/IMG_2242-2-kopie-scaled.jpg?resize=1024%2C768&amp;ssl=1 1024w, https:\/\/i0.wp.com\/scandinavischelampen.nl\/wp-content\/uploads\/2026\/02\/IMG_2242-2-kopie-scaled.jpg?resize=300%2C225&amp;ssl=1 300w, https:\/\/i0.wp.com\/scandinavischelampen.nl\/wp-content\/uploads\/2026\/02\/IMG_2242-2-kopie-scaled.jpg?resize=768%2C576&amp;ssl=1 768w, https:\/\/i0.wp.com\/scandinavischelampen.nl\/wp-content\/uploads\/2026\/02\/IMG_2242-2-kopie-scaled.jpg?resize=1536%2C1152&amp;ssl=1 1536w, https:\/\/i0.wp.com\/scandinavischelampen.nl\/wp-content\/uploads\/2026\/02\/IMG_2242-2-kopie-scaled.jpg?resize=2048%2C1536&amp;ssl=1 2048w, https:\/\/i0.wp.com\/scandinavischelampen.nl\/wp-content\/uploads\/2026\/02\/IMG_2242-2-kopie-scaled.jpg?resize=600%2C450&amp;ssl=1 600w, https:\/\/i0.wp.com\/scandinavischelampen.nl\/wp-content\/uploads\/2026\/02\/IMG_2242-2-kopie-scaled.jpg?resize=48%2C36&amp;ssl=1 48w\" sizes=\"auto, (max-width: 1000px) 100vw, 1000px\" \/><\/figure>\n<\/div>\n<\/div>\n\n\n\n<div class=\"wp-block-columns is-not-stacked-on-mobile has-background is-layout-flex wp-container-core-columns-is-layout-8d88fe0f wp-block-columns-is-layout-flex\" style=\"background-color:#f5f1eb;padding-top:var(--wp--preset--spacing--20);padding-bottom:var(--wp--preset--spacing--20)\">\n<div class=\"wp-block-column is-layout-flow wp-block-column-is-layout-flow\">\n<figure class=\"wp-block-image size-large\"><img data-recalc-dims=\"1\" loading=\"lazy\" decoding=\"async\" width=\"1024\" height=\"768\" src=\"https:\/\/i0.wp.com\/scandinavischelampen.nl\/wp-content\/uploads\/2025\/10\/IMG_6982-1024x768.jpg?resize=1024%2C768&#038;ssl=1\" alt=\"\" class=\"wp-image-60222\" srcset=\"https:\/\/i0.wp.com\/scandinavischelampen.nl\/wp-content\/uploads\/2025\/10\/IMG_6982-scaled.jpg?resize=1024%2C768&amp;ssl=1 1024w, https:\/\/i0.wp.com\/scandinavischelampen.nl\/wp-content\/uploads\/2025\/10\/IMG_6982-scaled.jpg?resize=300%2C225&amp;ssl=1 300w, https:\/\/i0.wp.com\/scandinavischelampen.nl\/wp-content\/uploads\/2025\/10\/IMG_6982-scaled.jpg?resize=768%2C576&amp;ssl=1 768w, https:\/\/i0.wp.com\/scandinavischelampen.nl\/wp-content\/uploads\/2025\/10\/IMG_6982-scaled.jpg?resize=1536%2C1152&amp;ssl=1 1536w, https:\/\/i0.wp.com\/scandinavischelampen.nl\/wp-content\/uploads\/2025\/10\/IMG_6982-scaled.jpg?resize=2048%2C1536&amp;ssl=1 2048w, https:\/\/i0.wp.com\/scandinavischelampen.nl\/wp-content\/uploads\/2025\/10\/IMG_6982-scaled.jpg?resize=600%2C450&amp;ssl=1 600w, https:\/\/i0.wp.com\/scandinavischelampen.nl\/wp-content\/uploads\/2025\/10\/IMG_6982-scaled.jpg?resize=48%2C36&amp;ssl=1 48w\" sizes=\"auto, (max-width: 1000px) 100vw, 1000px\" \/><\/figure>\n<\/div>\n\n\n\n<div class=\"wp-block-column is-layout-flow wp-block-column-is-layout-flow\">\n<figure class=\"wp-block-image size-large\"><img data-recalc-dims=\"1\" loading=\"lazy\" decoding=\"async\" width=\"1024\" height=\"768\" data-attachment-id=\"62878\" data-permalink=\"https:\/\/scandinavischelampen.nl\/fr\/visite-notre-showroom\/img_2245-2-kopie-2\/\" data-orig-file=\"https:\/\/i0.wp.com\/scandinavischelampen.nl\/wp-content\/uploads\/2026\/02\/IMG_2245-2-kopie-scaled.jpg?fit=2560%2C1920&amp;ssl=1\" data-orig-size=\"2560,1920\" data-comments-opened=\"1\" data-image-meta=\"{&quot;aperture&quot;:&quot;2.2&quot;,&quot;credit&quot;:&quot;&quot;,&quot;camera&quot;:&quot;iPhone 14 Pro&quot;,&quot;caption&quot;:&quot;&quot;,&quot;created_timestamp&quot;:&quot;1772116542&quot;,&quot;copyright&quot;:&quot;&quot;,&quot;focal_length&quot;:&quot;2.22&quot;,&quot;iso&quot;:&quot;40&quot;,&quot;shutter_speed&quot;:&quot;0.01&quot;,&quot;title&quot;:&quot;&quot;,&quot;orientation&quot;:&quot;1&quot;}\" data-image-title=\"IMG_2245 2 kopie\" data-image-description=\"\" data-image-caption=\"\" data-large-file=\"https:\/\/i0.wp.com\/scandinavischelampen.nl\/wp-content\/uploads\/2026\/02\/IMG_2245-2-kopie-scaled.jpg?fit=1024%2C768&amp;ssl=1\" src=\"https:\/\/i0.wp.com\/scandinavischelampen.nl\/wp-content\/uploads\/2026\/02\/IMG_2245-2-kopie.jpg?resize=1024%2C768\" alt=\"Sfeerfoto Winkel Scandinavische Lampen in de Aarhof\" class=\"wp-image-62878\" srcset=\"https:\/\/i0.wp.com\/scandinavischelampen.nl\/wp-content\/uploads\/2026\/02\/IMG_2245-2-kopie-scaled.jpg?resize=1024%2C768&amp;ssl=1 1024w, https:\/\/i0.wp.com\/scandinavischelampen.nl\/wp-content\/uploads\/2026\/02\/IMG_2245-2-kopie-scaled.jpg?resize=300%2C225&amp;ssl=1 300w, https:\/\/i0.wp.com\/scandinavischelampen.nl\/wp-content\/uploads\/2026\/02\/IMG_2245-2-kopie-scaled.jpg?resize=768%2C576&amp;ssl=1 768w, https:\/\/i0.wp.com\/scandinavischelampen.nl\/wp-content\/uploads\/2026\/02\/IMG_2245-2-kopie-scaled.jpg?resize=1536%2C1152&amp;ssl=1 1536w, https:\/\/i0.wp.com\/scandinavischelampen.nl\/wp-content\/uploads\/2026\/02\/IMG_2245-2-kopie-scaled.jpg?resize=2048%2C1536&amp;ssl=1 2048w, https:\/\/i0.wp.com\/scandinavischelampen.nl\/wp-content\/uploads\/2026\/02\/IMG_2245-2-kopie-scaled.jpg?resize=600%2C450&amp;ssl=1 600w, https:\/\/i0.wp.com\/scandinavischelampen.nl\/wp-content\/uploads\/2026\/02\/IMG_2245-2-kopie-scaled.jpg?resize=48%2C36&amp;ssl=1 48w\" sizes=\"auto, (max-width: 1000px) 100vw, 1000px\" \/><\/figure>\n<\/div>\n\n\n\n<div class=\"wp-block-column is-layout-flow wp-block-column-is-layout-flow\">\n<figure class=\"wp-block-image size-large\"><img data-recalc-dims=\"1\" loading=\"lazy\" decoding=\"async\" width=\"1024\" height=\"768\" data-attachment-id=\"62874\" data-permalink=\"https:\/\/scandinavischelampen.nl\/fr\/visite-notre-showroom\/img_2246-2-kopie-2\/\" data-orig-file=\"https:\/\/i0.wp.com\/scandinavischelampen.nl\/wp-content\/uploads\/2026\/02\/IMG_2246-2-kopie-scaled.jpg?fit=2560%2C1920&amp;ssl=1\" data-orig-size=\"2560,1920\" data-comments-opened=\"1\" data-image-meta=\"{&quot;aperture&quot;:&quot;2.2&quot;,&quot;credit&quot;:&quot;&quot;,&quot;camera&quot;:&quot;iPhone 14 Pro&quot;,&quot;caption&quot;:&quot;&quot;,&quot;created_timestamp&quot;:&quot;1772116557&quot;,&quot;copyright&quot;:&quot;&quot;,&quot;focal_length&quot;:&quot;2.22&quot;,&quot;iso&quot;:&quot;64&quot;,&quot;shutter_speed&quot;:&quot;0.01&quot;,&quot;title&quot;:&quot;&quot;,&quot;orientation&quot;:&quot;1&quot;}\" data-image-title=\"IMG_2246 2 kopie\" data-image-description=\"\" data-image-caption=\"\" data-large-file=\"https:\/\/i0.wp.com\/scandinavischelampen.nl\/wp-content\/uploads\/2026\/02\/IMG_2246-2-kopie-scaled.jpg?fit=1024%2C768&amp;ssl=1\" src=\"https:\/\/i0.wp.com\/scandinavischelampen.nl\/wp-content\/uploads\/2026\/02\/IMG_2246-2-kopie.jpg?resize=1024%2C768\" alt=\"Sfeerfoto Winkel Scandinavische Lampen in de Aarhof\" class=\"wp-image-62874\" srcset=\"https:\/\/i0.wp.com\/scandinavischelampen.nl\/wp-content\/uploads\/2026\/02\/IMG_2246-2-kopie-scaled.jpg?resize=1024%2C768&amp;ssl=1 1024w, https:\/\/i0.wp.com\/scandinavischelampen.nl\/wp-content\/uploads\/2026\/02\/IMG_2246-2-kopie-scaled.jpg?resize=300%2C225&amp;ssl=1 300w, https:\/\/i0.wp.com\/scandinavischelampen.nl\/wp-content\/uploads\/2026\/02\/IMG_2246-2-kopie-scaled.jpg?resize=768%2C576&amp;ssl=1 768w, https:\/\/i0.wp.com\/scandinavischelampen.nl\/wp-content\/uploads\/2026\/02\/IMG_2246-2-kopie-scaled.jpg?resize=1536%2C1152&amp;ssl=1 1536w, https:\/\/i0.wp.com\/scandinavischelampen.nl\/wp-content\/uploads\/2026\/02\/IMG_2246-2-kopie-scaled.jpg?resize=2048%2C1536&amp;ssl=1 2048w, https:\/\/i0.wp.com\/scandinavischelampen.nl\/wp-content\/uploads\/2026\/02\/IMG_2246-2-kopie-scaled.jpg?resize=600%2C450&amp;ssl=1 600w, https:\/\/i0.wp.com\/scandinavischelampen.nl\/wp-content\/uploads\/2026\/02\/IMG_2246-2-kopie-scaled.jpg?resize=48%2C36&amp;ssl=1 48w\" sizes=\"auto, (max-width: 1000px) 100vw, 1000px\" \/><\/figure>\n<\/div>\n<\/div>\n","protected":false},"excerpt":{"rendered":"<p>Visitez notre boutique D\u00e9couvrez nos lampes vintage et nos inspirations pour la maison en vrai Conseils personnels en magasin Voir toutes les lumi\u00e8res dans la vraie vie Places de stationnement disponibles Conseils personnels en magasin Voir toutes les lumi\u00e8res dans la vraie vie Places de stationnement disponibles Adresse et itin\u00e9raire De Aarhof 30-312406BT Alphen aan [&hellip;]<\/p>\n","protected":false},"author":1,"featured_media":0,"parent":0,"menu_order":0,"comment_status":"closed","ping_status":"closed","template":"","meta":{"_uag_custom_page_level_css":"","site-sidebar-layout":"default","site-content-layout":"","ast-site-content-layout":"default","site-content-style":"default","site-sidebar-style":"default","ast-global-header-display":"","ast-banner-title-visibility":"","ast-main-header-display":"","ast-hfb-above-header-display":"","ast-hfb-below-header-display":"","ast-hfb-mobile-header-display":"","site-post-title":"disabled","ast-breadcrumbs-content":"","ast-featured-img":"","footer-sml-layout":"","ast-disable-related-posts":"","theme-transparent-header-meta":"","adv-header-id-meta":"","stick-header-meta":"","header-above-stick-meta":"","header-main-stick-meta":"","header-below-stick-meta":"","astra-migrate-meta-layouts":"set","ast-page-background-enabled":"default","ast-page-background-meta":{"desktop":{"background-color":"var(--ast-global-color-4)","background-image":"","background-repeat":"repeat","background-position":"center center","background-size":"auto","background-attachment":"scroll","background-type":"","background-media":"","overlay-type":"","overlay-color":"","overlay-opacity":"","overlay-gradient":""},"tablet":{"background-color":"","background-image":"","background-repeat":"repeat","background-position":"center center","background-size":"auto","background-attachment":"scroll","background-type":"","background-media":"","overlay-type":"","overlay-color":"","overlay-opacity":"","overlay-gradient":""},"mobile":{"background-color":"","background-image":"","background-repeat":"repeat","background-position":"center center","background-size":"auto","background-attachment":"scroll","background-type":"","background-media":"","overlay-type":"","overlay-color":"","overlay-opacity":"","overlay-gradient":""}},"ast-content-background-meta":{"desktop":{"background-color":"var(--ast-global-color-5)","background-image":"","background-repeat":"repeat","background-position":"center center","background-size":"auto","background-attachment":"scroll","background-type":"","background-media":"","overlay-type":"","overlay-color":"","overlay-opacity":"","overlay-gradient":""},"tablet":{"background-color":"var(--ast-global-color-5)","background-image":"","background-repeat":"repeat","background-position":"center center","background-size":"auto","background-attachment":"scroll","background-type":"","background-media":"","overlay-type":"","overlay-color":"","overlay-opacity":"","overlay-gradient":""},"mobile":{"background-color":"var(--ast-global-color-5)","background-image":"","background-repeat":"repeat","background-position":"center center","background-size":"auto","background-attachment":"scroll","background-type":"","background-media":"","overlay-type":"","overlay-color":"","overlay-opacity":"","overlay-gradient":""}},"footnotes":""},"class_list":["post-21924","page","type-page","status-publish","hentry"],"yoast_head":"<!-- This site is optimized with the Yoast SEO plugin v27.5 - https:\/\/yoast.com\/product\/yoast-seo-wordpress\/ -->\n<title>Visitez notre boutique : 300 m\u00b2 rempli d\u2019\u00e9clairage scandinave ! - Lampes Scandinaves<\/title>\n<meta name=\"description\" content=\"Visitez notre showroom \u00e0 Berkel en Rodenrijs et d\u00e9couvrez notre collection compl\u00e8te de lampes vintage scandinaves.\" \/>\n<meta name=\"robots\" content=\"index, follow, max-snippet:-1, max-image-preview:large, max-video-preview:-1\" \/>\n<link rel=\"canonical\" href=\"https:\/\/scandinavischelampen.nl\/fr\/visite-notre-showroom\/\" \/>\n<meta property=\"og:locale\" content=\"fr_FR\" \/>\n<meta property=\"og:type\" content=\"article\" \/>\n<meta property=\"og:title\" content=\"Visitez notre boutique : 300 m\u00b2 rempli d\u2019\u00e9clairage scandinave ! - Lampes Scandinaves\" \/>\n<meta property=\"og:description\" content=\"Visitez notre showroom \u00e0 Berkel en Rodenrijs et d\u00e9couvrez notre collection compl\u00e8te de lampes vintage scandinaves.\" \/>\n<meta property=\"og:url\" content=\"https:\/\/scandinavischelampen.nl\/fr\/visite-notre-showroom\/\" \/>\n<meta property=\"og:site_name\" content=\"Lampes Scandinaves\" \/>\n<meta property=\"article:publisher\" content=\"https:\/\/www.facebook.com\/scandinavischelampen\/\" \/>\n<meta property=\"article:modified_time\" content=\"2026-02-28T19:07:14+00:00\" \/>\n<meta property=\"og:image\" content=\"http:\/\/scandinavischelampen.nl\/wp-content\/uploads\/2025\/10\/IMG_6980-2-kopie-2-1024x768.jpg\" \/>\n<meta name=\"twitter:card\" content=\"summary_large_image\" \/>\n<meta name=\"twitter:label1\" content=\"Dur\u00e9e de lecture estim\u00e9e\" \/>\n\t<meta name=\"twitter:data1\" content=\"3 minutes\" \/>\n<script type=\"application\/ld+json\" class=\"yoast-schema-graph\">{\"@context\":\"https:\\\/\\\/schema.org\",\"@graph\":[{\"@type\":\"WebPage\",\"@id\":\"https:\\\/\\\/scandinavischelampen.nl\\\/fr\\\/visite-notre-showroom\\\/\",\"url\":\"https:\\\/\\\/scandinavischelampen.nl\\\/fr\\\/visite-notre-showroom\\\/\",\"name\":\"Visitez notre boutique : 300 m\u00b2 rempli d\u2019\u00e9clairage scandinave ! - Lampes Scandinaves\",\"isPartOf\":{\"@id\":\"https:\\\/\\\/scandinavischelampen.nl\\\/fr\\\/#website\"},\"primaryImageOfPage\":{\"@id\":\"https:\\\/\\\/scandinavischelampen.nl\\\/fr\\\/visite-notre-showroom\\\/#primaryimage\"},\"image\":{\"@id\":\"https:\\\/\\\/scandinavischelampen.nl\\\/fr\\\/visite-notre-showroom\\\/#primaryimage\"},\"thumbnailUrl\":\"http:\\\/\\\/scandinavischelampen.nl\\\/wp-content\\\/uploads\\\/2025\\\/10\\\/IMG_6980-2-kopie-2-1024x768.jpg\",\"datePublished\":\"2023-02-02T20:57:16+00:00\",\"dateModified\":\"2026-02-28T19:07:14+00:00\",\"description\":\"Visitez notre showroom \u00e0 Berkel en Rodenrijs et d\u00e9couvrez notre collection compl\u00e8te de lampes vintage scandinaves.\",\"breadcrumb\":{\"@id\":\"https:\\\/\\\/scandinavischelampen.nl\\\/fr\\\/visite-notre-showroom\\\/#breadcrumb\"},\"inLanguage\":\"fr-FR\",\"potentialAction\":[{\"@type\":\"ReadAction\",\"target\":[\"https:\\\/\\\/scandinavischelampen.nl\\\/fr\\\/visite-notre-showroom\\\/\"]}]},{\"@type\":\"ImageObject\",\"inLanguage\":\"fr-FR\",\"@id\":\"https:\\\/\\\/scandinavischelampen.nl\\\/fr\\\/visite-notre-showroom\\\/#primaryimage\",\"url\":\"http:\\\/\\\/scandinavischelampen.nl\\\/wp-content\\\/uploads\\\/2025\\\/10\\\/IMG_6980-2-kopie-2-1024x768.jpg\",\"contentUrl\":\"http:\\\/\\\/scandinavischelampen.nl\\\/wp-content\\\/uploads\\\/2025\\\/10\\\/IMG_6980-2-kopie-2-1024x768.jpg\"},{\"@type\":\"BreadcrumbList\",\"@id\":\"https:\\\/\\\/scandinavischelampen.nl\\\/fr\\\/visite-notre-showroom\\\/#breadcrumb\",\"itemListElement\":[{\"@type\":\"ListItem\",\"position\":1,\"name\":\"Home\",\"item\":\"https:\\\/\\\/scandinavischelampen.nl\\\/fr\\\/\"},{\"@type\":\"ListItem\",\"position\":2,\"name\":\"Visitez notre boutique : 300 m\u00b2 rempli d\u2019\u00e9clairage scandinave !\"}]},{\"@type\":\"WebSite\",\"@id\":\"https:\\\/\\\/scandinavischelampen.nl\\\/fr\\\/#website\",\"url\":\"https:\\\/\\\/scandinavischelampen.nl\\\/fr\\\/\",\"name\":\"Scandinavische Lampen\",\"description\":\"Luminaire design vintage\",\"publisher\":{\"@id\":\"https:\\\/\\\/scandinavischelampen.nl\\\/fr\\\/#organization\"},\"potentialAction\":[{\"@type\":\"SearchAction\",\"target\":{\"@type\":\"EntryPoint\",\"urlTemplate\":\"https:\\\/\\\/scandinavischelampen.nl\\\/fr\\\/?s={search_term_string}\"},\"query-input\":{\"@type\":\"PropertyValueSpecification\",\"valueRequired\":true,\"valueName\":\"search_term_string\"}}],\"inLanguage\":\"fr-FR\"},{\"@type\":\"Organization\",\"@id\":\"https:\\\/\\\/scandinavischelampen.nl\\\/fr\\\/#organization\",\"name\":\"Scandinavische Lampen\",\"url\":\"https:\\\/\\\/scandinavischelampen.nl\\\/fr\\\/\",\"logo\":{\"@type\":\"ImageObject\",\"inLanguage\":\"fr-FR\",\"@id\":\"https:\\\/\\\/scandinavischelampen.nl\\\/fr\\\/#\\\/schema\\\/logo\\\/image\\\/\",\"url\":\"https:\\\/\\\/i0.wp.com\\\/scandinavischelampen.nl\\\/wp-content\\\/uploads\\\/2023\\\/07\\\/cropped-Scandinavische-lampen-logo-oranje-01-scaled.png?fit=4717%2C1570&ssl=1\",\"contentUrl\":\"https:\\\/\\\/i0.wp.com\\\/scandinavischelampen.nl\\\/wp-content\\\/uploads\\\/2023\\\/07\\\/cropped-Scandinavische-lampen-logo-oranje-01-scaled.png?fit=4717%2C1570&ssl=1\",\"width\":4717,\"height\":1570,\"caption\":\"Scandinavische Lampen\"},\"image\":{\"@id\":\"https:\\\/\\\/scandinavischelampen.nl\\\/fr\\\/#\\\/schema\\\/logo\\\/image\\\/\"},\"sameAs\":[\"https:\\\/\\\/www.facebook.com\\\/scandinavischelampen\\\/\",\"https:\\\/\\\/www.instagram.com\\\/scandinavische_lampen\\\/\"]}]}<\/script>\n<!-- \/ Yoast SEO plugin. -->","yoast_head_json":{"title":"Visitez notre boutique : 300 m\u00b2 rempli d\u2019\u00e9clairage scandinave ! - Lampes Scandinaves","description":"Visitez notre showroom \u00e0 Berkel en Rodenrijs et d\u00e9couvrez notre collection compl\u00e8te de lampes vintage scandinaves.","robots":{"index":"index","follow":"follow","max-snippet":"max-snippet:-1","max-image-preview":"max-image-preview:large","max-video-preview":"max-video-preview:-1"},"canonical":"https:\/\/scandinavischelampen.nl\/fr\/visite-notre-showroom\/","og_locale":"fr_FR","og_type":"article","og_title":"Visitez notre boutique : 300 m\u00b2 rempli d\u2019\u00e9clairage scandinave ! - Lampes Scandinaves","og_description":"Visitez notre showroom \u00e0 Berkel en Rodenrijs et d\u00e9couvrez notre collection compl\u00e8te de lampes vintage scandinaves.","og_url":"https:\/\/scandinavischelampen.nl\/fr\/visite-notre-showroom\/","og_site_name":"Lampes Scandinaves","article_publisher":"https:\/\/www.facebook.com\/scandinavischelampen\/","article_modified_time":"2026-02-28T19:07:14+00:00","og_image":[{"url":"http:\/\/scandinavischelampen.nl\/wp-content\/uploads\/2025\/10\/IMG_6980-2-kopie-2-1024x768.jpg","type":"","width":"","height":""}],"twitter_card":"summary_large_image","twitter_misc":{"Dur\u00e9e de lecture estim\u00e9e":"3 minutes"},"schema":{"@context":"https:\/\/schema.org","@graph":[{"@type":"WebPage","@id":"https:\/\/scandinavischelampen.nl\/fr\/visite-notre-showroom\/","url":"https:\/\/scandinavischelampen.nl\/fr\/visite-notre-showroom\/","name":"Visitez notre boutique : 300 m\u00b2 rempli d\u2019\u00e9clairage scandinave ! - Lampes Scandinaves","isPartOf":{"@id":"https:\/\/scandinavischelampen.nl\/fr\/#website"},"primaryImageOfPage":{"@id":"https:\/\/scandinavischelampen.nl\/fr\/visite-notre-showroom\/#primaryimage"},"image":{"@id":"https:\/\/scandinavischelampen.nl\/fr\/visite-notre-showroom\/#primaryimage"},"thumbnailUrl":"http:\/\/scandinavischelampen.nl\/wp-content\/uploads\/2025\/10\/IMG_6980-2-kopie-2-1024x768.jpg","datePublished":"2023-02-02T20:57:16+00:00","dateModified":"2026-02-28T19:07:14+00:00","description":"Visitez notre showroom \u00e0 Berkel en Rodenrijs et d\u00e9couvrez notre collection compl\u00e8te de lampes vintage scandinaves.","breadcrumb":{"@id":"https:\/\/scandinavischelampen.nl\/fr\/visite-notre-showroom\/#breadcrumb"},"inLanguage":"fr-FR","potentialAction":[{"@type":"ReadAction","target":["https:\/\/scandinavischelampen.nl\/fr\/visite-notre-showroom\/"]}]},{"@type":"ImageObject","inLanguage":"fr-FR","@id":"https:\/\/scandinavischelampen.nl\/fr\/visite-notre-showroom\/#primaryimage","url":"http:\/\/scandinavischelampen.nl\/wp-content\/uploads\/2025\/10\/IMG_6980-2-kopie-2-1024x768.jpg","contentUrl":"http:\/\/scandinavischelampen.nl\/wp-content\/uploads\/2025\/10\/IMG_6980-2-kopie-2-1024x768.jpg"},{"@type":"BreadcrumbList","@id":"https:\/\/scandinavischelampen.nl\/fr\/visite-notre-showroom\/#breadcrumb","itemListElement":[{"@type":"ListItem","position":1,"name":"Home","item":"https:\/\/scandinavischelampen.nl\/fr\/"},{"@type":"ListItem","position":2,"name":"Visitez notre boutique : 300 m\u00b2 rempli d\u2019\u00e9clairage scandinave !"}]},{"@type":"WebSite","@id":"https:\/\/scandinavischelampen.nl\/fr\/#website","url":"https:\/\/scandinavischelampen.nl\/fr\/","name":"Scandinavische Lampen","description":"Luminaire design vintage","publisher":{"@id":"https:\/\/scandinavischelampen.nl\/fr\/#organization"},"potentialAction":[{"@type":"SearchAction","target":{"@type":"EntryPoint","urlTemplate":"https:\/\/scandinavischelampen.nl\/fr\/?s={search_term_string}"},"query-input":{"@type":"PropertyValueSpecification","valueRequired":true,"valueName":"search_term_string"}}],"inLanguage":"fr-FR"},{"@type":"Organization","@id":"https:\/\/scandinavischelampen.nl\/fr\/#organization","name":"Scandinavische Lampen","url":"https:\/\/scandinavischelampen.nl\/fr\/","logo":{"@type":"ImageObject","inLanguage":"fr-FR","@id":"https:\/\/scandinavischelampen.nl\/fr\/#\/schema\/logo\/image\/","url":"https:\/\/i0.wp.com\/scandinavischelampen.nl\/wp-content\/uploads\/2023\/07\/cropped-Scandinavische-lampen-logo-oranje-01-scaled.png?fit=4717%2C1570&ssl=1","contentUrl":"https:\/\/i0.wp.com\/scandinavischelampen.nl\/wp-content\/uploads\/2023\/07\/cropped-Scandinavische-lampen-logo-oranje-01-scaled.png?fit=4717%2C1570&ssl=1","width":4717,"height":1570,"caption":"Scandinavische Lampen"},"image":{"@id":"https:\/\/scandinavischelampen.nl\/fr\/#\/schema\/logo\/image\/"},"sameAs":["https:\/\/www.facebook.com\/scandinavischelampen\/","https:\/\/www.instagram.com\/scandinavische_lampen\/"]}]}},"uagb_featured_image_src":{"full":false,"thumbnail":false,"medium":false,"medium_large":false,"large":false,"1536x1536":false,"2048x2048":false,"woocommerce_thumbnail":false,"woocommerce_single":false,"woocommerce_gallery_thumbnail":false,"thaps-thumb-img":false},"uagb_author_info":{"display_name":"administrator","author_link":"https:\/\/scandinavischelampen.nl\/fr\/author\/administrator\/"},"uagb_comment_info":0,"uagb_excerpt":"Visitez notre boutique D\u00e9couvrez nos lampes vintage et nos inspirations pour la maison en vrai Conseils personnels en magasin Voir toutes les lumi\u00e8res dans la vraie vie Places de stationnement disponibles Conseils personnels en magasin Voir toutes les lumi\u00e8res dans la vraie vie Places de stationnement disponibles Adresse et itin\u00e9raire De Aarhof 30-312406BT Alphen aan\u2026","jetpack_sharing_enabled":true,"_links":{"self":[{"href":"https:\/\/scandinavischelampen.nl\/fr\/wp-json\/wp\/v2\/pages\/21924","targetHints":{"allow":["GET"]}}],"collection":[{"href":"https:\/\/scandinavischelampen.nl\/fr\/wp-json\/wp\/v2\/pages"}],"about":[{"href":"https:\/\/scandinavischelampen.nl\/fr\/wp-json\/wp\/v2\/types\/page"}],"author":[{"embeddable":true,"href":"https:\/\/scandinavischelampen.nl\/fr\/wp-json\/wp\/v2\/users\/1"}],"replies":[{"embeddable":true,"href":"https:\/\/scandinavischelampen.nl\/fr\/wp-json\/wp\/v2\/comments?post=21924"}],"version-history":[{"count":57,"href":"https:\/\/scandinavischelampen.nl\/fr\/wp-json\/wp\/v2\/pages\/21924\/revisions"}],"predecessor-version":[{"id":62893,"href":"https:\/\/scandinavischelampen.nl\/fr\/wp-json\/wp\/v2\/pages\/21924\/revisions\/62893"}],"wp:attachment":[{"href":"https:\/\/scandinavischelampen.nl\/fr\/wp-json\/wp\/v2\/media?parent=21924"}],"curies":[{"name":"wp","href":"https:\/\/api.w.org\/{rel}","templated":true}]}}